{"id":3860,"date":"2024-11-21T21:09:51","date_gmt":"2024-11-21T21:09:51","guid":{"rendered":"http:\/\/18.226.17.94\/?page_id=3860"},"modified":"2026-02-20T03:47:50","modified_gmt":"2026-02-20T03:47:50","slug":"narrative","status":"publish","type":"page","link":"https:\/\/renacerboliviano.org\/es\/narrative\/","title":{"rendered":"Historia"},"content":{"rendered":"<div data-elementor-type=\"wp-post\" data-elementor-id=\"3860\" class=\"elementor elementor-3860\">\n\t\t\t\t\t\t<section class=\"elementor-section elementor-top-section elementor-element elementor-element-34ac9778 elementor-section-full_width elementor-section-height-default elementor-section-height-default\" data-id=\"34ac9778\" data-element_type=\"section\">\n\t\t\t\t\t\t<div class=\"elementor-container elementor-column-gap-no\">\n\t\t\t\t\t<div class=\"elementor-column elementor-col-100 elementor-top-column elementor-element elementor-element-28084f0a\" data-id=\"28084f0a\" data-element_type=\"column\">\n\t\t\t<div class=\"elementor-widget-wrap elementor-element-populated\">\n\t\t\t\t\t\t<div class=\"elementor-element elementor-element-5e420f77 elementor-widget__width-inherit elementor-widget elementor-widget-ova_banner_slideshow\" data-id=\"5e420f77\" data-element_type=\"widget\" data-widget_type=\"ova_banner_slideshow.default\">\n\t\t\t\t<div class=\"elementor-widget-container\">\n\t\t\t\t\t<div class=\"ova_slideshow elementor-slides-wrapper dots_style\" dir=\"ltr\">\n\t\t\t<div class=\"elementor-slides owl-carousel owl-theme owl-loaded arrows-inside arrows-show-always dots-bottom animated owl-animated-out owl-animated-in\" data-owl_carousel=\"{&quot;items&quot;:1,&quot;singleItem&quot;:1,&quot;autoplayTimeout&quot;:10000,&quot;autoplay&quot;:true,&quot;loop&quot;:true,&quot;nav&quot;:true,&quot;dots&quot;:true,&quot;rtl&quot;:false,&quot;dotsClass&quot;:&quot;owl-dots&quot;,&quot;mouseDrag&quot;:true,&quot;navText&quot;:[&quot;&lt;i class=\\&quot;zmdi zmdi-chevron-left\\&quot;&gt;&lt;\\\/i&gt;&quot;,&quot;&lt;i class=\\&quot;zmdi zmdi-chevron-right\\&quot;&gt;&lt;\\\/i&gt;&quot;]}\">\n\t\t\t\t<div class=\"elementor-repeater-item-c339310 items\" data-dot=\" <div>Slide 1<\/div> <button><span><\/span><\/button>\"><div class=\"slide-bg\"><\/div>\n\t\t\t<div class=\"slide-inner\"><div class=\"container\"><div class=\"row\"><div class=\"wrapper-content\"><div class=\"elementor-slide-content\"><div class=\"second_font elementor-slide-subtitle\"><\/div><div class=\"second_font elementor-slide-title\"><\/div><div class=\"elementor-slide-description\"><\/div><a href=\"#\" data-animation=\"slideInUp\" data-animation_dur=\"2000\" style=\"animation-duration: 2000ms\" class=\"elementor-slide-button\">Getting Started<\/a><\/div><\/div><\/div><\/div><\/div><\/div><div class=\"elementor-repeater-item-324e6b7 items\" data-dot=\" <div>Slide 2<\/div> <button><span><\/span><\/button>\"><div class=\"slide-bg\"><\/div>\n\t\t\t<div class=\"slide-inner\"><div class=\"container\"><div class=\"row\"><div class=\"wrapper-content\"><div class=\"elementor-slide-content\"><div class=\"second_font elementor-slide-subtitle\"><\/div><div class=\"second_font elementor-slide-title\"><\/div><div class=\"elementor-slide-description\"><\/div><a href=\"#\" data-animation=\"slideInUp\" data-animation_dur=\"2000\" style=\"animation-duration: 2000ms\" class=\"elementor-slide-button\">Getting Started<\/a><\/div><\/div><\/div><\/div><\/div><\/div><div class=\"elementor-repeater-item-bfab54b items\" data-dot=\" <div>Slide 3<\/div> <button><span><\/span><\/button>\"><div class=\"slide-bg\"><\/div>\n\t\t\t<div class=\"slide-inner\"><div class=\"container\"><div class=\"row\"><div class=\"wrapper-content\"><div class=\"elementor-slide-content\"><div class=\"second_font elementor-slide-subtitle\"><\/div><div class=\"second_font elementor-slide-title\"><\/div><div class=\"elementor-slide-description\"><\/div><a href=\"#\" data-animation=\"slideInUp\" data-animation_dur=\"2000\" style=\"animation-duration: 2000ms\" class=\"elementor-slide-button\">Getting Started<\/a><\/div><\/div><\/div><\/div><\/div><\/div>\t\t\t<\/div>\n\t\t<\/div>\n\t\t\t\t<\/div>\n\t\t\t\t<\/div>\n\t\t\t\t\t<\/div>\n\t\t<\/div>\n\t\t\t\t\t<\/div>\n\t\t<\/section>\n\t\t\t\t<section class=\"elementor-section elementor-top-section elementor-element elementor-element-af9f7c7 elementor-section-content-middle elementor-section-boxed elementor-section-height-default elementor-section-height-default\" data-id=\"af9f7c7\" data-element_type=\"section\" data-settings=\"{&quot;background_background&quot;:&quot;classic&quot;}\">\n\t\t\t\t\t\t<div class=\"elementor-container elementor-column-gap-no\">\n\t\t\t\t\t<div class=\"elementor-column elementor-col-100 elementor-top-column elementor-element elementor-element-156a259\" data-id=\"156a259\" data-element_type=\"column\">\n\t\t\t<div class=\"elementor-widget-wrap elementor-element-populated\">\n\t\t\t\t\t\t<div class=\"elementor-element elementor-element-ec7ee0d elementor-widget elementor-widget-ova_heading\" data-id=\"ec7ee0d\" data-element_type=\"widget\" data-widget_type=\"ova_heading.default\">\n\t\t\t\t<div class=\"elementor-widget-container\">\n\t\t\t\t\t<div class=\"ova-heading version_1\">\n\t\t\t\t\t\t\t\t\t\t<h3 class=\"heading-title second_font\">Historia<\/h3>\n\t\t\t\t\t\t\t\t<\/div>\n\t\t\t\t<\/div>\n\t\t\t\t<\/div>\n\t\t\t\t<div class=\"elementor-element elementor-element-13d90b0 elementor-widget elementor-widget-ova_about_info\" data-id=\"13d90b0\" data-element_type=\"widget\" data-widget_type=\"ova_about_info.default\">\n\t\t\t\t<div class=\"elementor-widget-container\">\n\t\t\t\t\t<div class=\"ova-about-info\">\n\t\t\t<div class=\"ova-content info_ver1\">\n\t\t\t\t \n\t\t\t\t\t<p>Dejamos atr\u00e1s a nuestros padres, hermanos, abuelos, t\u00edos, primos y amigos, cruzando fronteras en busca de un mejor porvenir. Pero aqu\u00ed, en tierras lejanas, el alma se nos llena de a\u00f1oranza: extra\u00f1amos el calor de nuestro picante de pollo, el crujir del chicharr\u00f3n reci\u00e9n hecho, el aroma de los cu\u00f1ap\u00e9s saliendo del horno, el sabor reconfortante del majadito, el toque picante de la llajua y el abrazo dulce de las salte\u00f1as. M\u00e1s que nada, nos duele la ausencia de nuestras familias y esos amigos bolivianos que llevamos tatuados en el coraz\u00f3n.\n\nBuscamos rostros conocidos en la multitud mientras tejemos nuevos lazos de amistad. Nuestras fiestas se llenan de m\u00fasica y baile, celebramos el Carnaval con alegr\u00eda desbordante y cada 6 de agosto nos vestimos de celeste, blanco y rojo para honrar a nuestra patria. Y siempre, siempre, terminamos nuestras reuniones cantando con el alma: \"\u00a1Viva mi Patria Bolivia!\".\n\nPero el sue\u00f1o era m\u00e1s grande...\n\nUn grupo de amigos so\u00f1\u00f3 con ampliar estos encuentros, transform\u00e1ndolos en un espacio donde toda la comunidad boliviana y sus amigos pudieran sentirse como en casa. El 11 de enero de 1989, ese sue\u00f1o tom\u00f3 forma cuando Claudio Cossio, Javier Sichori, Jacqueline Sichori, Ramiro Corrales, Marcela Corrales, Jenny Corrales, Silvana Valdivia, Jos\u00e9 Antonio Kredler, N\u00e9stor Ballesteros, Juan-Carlos Torres y Tatiana Torres unieron sus manos y corazones para fundar Renacer Boliviano, haciendo realidad la visi\u00f3n de Claudio Cossio.\n\nDesde entonces, lo que comenz\u00f3 como a\u00f1oranza se convirti\u00f3 en un pedazo de Bolivia en tierra extranjera, donde la cultura, la amistad y el amor por la patria renacen cada d\u00eda.<\/p>\n\t\t\t\t\t\t\t<\/div>\n\t\t\t<div class=\"ova-info info_ver1\">\n\t\t\t\t<div class=\"infomation\">\n\t\t\t\t\t\t\t\t\t\t\t<div class=\"avatar\">\n\t\t\t\t\t\t\t\t\t\t\t\t\t<\/div>\n\t\t\t\t\t\t\t\t\t\t<div class=\"client\">\n\t\t\t\t\t\t<h4 class=\"second_font\"><\/h4>\n\t\t\t\t\t\t<span><\/span>\n\t\t\t\t\t<\/div>\n\t\t\t\t<\/div>\n\t\t\t\t\t\t\t\t\t<div class=\"signature\">\n\t\t\t\t\t\t\t\t\t\t\t<\/div>\n\t\t\t\t\t\t\t<\/div>\n\t\t<\/div>\n\t\t\t\t<\/div>\n\t\t\t\t<\/div>\n\t\t\t\t<div class=\"elementor-element elementor-element-473fd45 elementor-widget elementor-widget-ova_about_info\" data-id=\"473fd45\" data-element_type=\"widget\" data-widget_type=\"ova_about_info.default\">\n\t\t\t\t<div class=\"elementor-widget-container\">\n\t\t\t\t\t<div class=\"ova-about-info\">\n\t\t\t<div class=\"ova-content info_ver2\">\n\t\t\t\t \n\t\t\t\t\t<p>Dejamos atr\u00e1s a nuestros padres, hermanos, abuelos, t\u00edos, primos y amigos buscando un futuro mejor, pero aqu\u00ed, en tierras lejanas, a\u00f1oramos los sabores que huelen a patria: el picante de pollo que calienta el alma, el chicharr\u00f3n crocante, los cu\u00f1ap\u00e9s esponjosos, el majadito reconfortante, nuestra llajua picante y esas salte\u00f1as jugosas que saben a hogar; m\u00e1s que nada, extra\u00f1amos el abrazo de nuestras familias y la complicidad de los amigos bolivianos que dejamos atr\u00e1s. Por eso buscamos rostros conocidos mientras construimos nuevas amistades, llenamos fiestas con risas y m\u00fasica que nos recuerdan qui\u00e9nes somos, bailamos con devoci\u00f3n en Carnaval y cada 6 de agosto levantamos la voz con orgullo patrio, porque cuando la noche termina y antes de despedirnos, siempre, siempre, unimos voces en un grito que viene desde el alma: \u00a1Viva mi Patria Bolivia!<\/p>\n\t\t\t\t\t\t\t<\/div>\n\t\t\t<div class=\"ova-info info_ver2\">\n\t\t\t\t<div class=\"infomation\">\n\t\t\t\t\t\t\t\t\t\t<div class=\"client\">\n\t\t\t\t\t\t<h4 class=\"second_font\"><\/h4>\n\t\t\t\t\t\t<span><\/span>\n\t\t\t\t\t<\/div>\n\t\t\t\t<\/div>\n\t\t\t\t\t\t\t<\/div>\n\t\t<\/div>\n\t\t\t\t<\/div>\n\t\t\t\t<\/div>\n\t\t\t\t<div class=\"elementor-element elementor-element-f0384cc elementor-widget elementor-widget-ova_about_info\" data-id=\"f0384cc\" data-element_type=\"widget\" data-widget_type=\"ova_about_info.default\">\n\t\t\t\t<div class=\"elementor-widget-container\">\n\t\t\t\t\t<div class=\"ova-about-info\">\n\t\t\t<div class=\"ova-content info_ver2\">\n\t\t\t\t \n\t\t\t\t\t<p>Un grupo de amigos so\u00f1\u00f3 con convertir estas reuniones en algo m\u00e1s que encuentros \u00edntimos, abri\u00e9ndolas a toda la comunidad boliviana y sus amigos. El 11 de enero de 1989, Claudio Cossio, Javier Sichori, Jacqueline Sichori, Ramiro Corrales, Marcela Corrales, Jenny Corrales, Silvana Valdivia, Jos\u00e9 Antonio Kredler, N\u00e9stor Ballesteros, Juan-Carlos Torres y Tatiana Torres se unieron para fundar Renacer Boliviano, haciendo realidad el sue\u00f1o de nuestro fundador Claudio Cossio de crear un pedazo de Bolivia en tierra extranjera, donde la cultura, la tradici\u00f3n y la amistad florecieran como en casa.<\/p>\n\t\t\t\t\t\t\t<\/div>\n\t\t\t<div class=\"ova-info info_ver2\">\n\t\t\t\t<div class=\"infomation\">\n\t\t\t\t\t\t\t\t\t\t<div class=\"client\">\n\t\t\t\t\t\t<h4 class=\"second_font\">Comunidad Renacer Boliviano<\/h4>\n\t\t\t\t\t\t<span><\/span>\n\t\t\t\t\t<\/div>\n\t\t\t\t<\/div>\n\t\t\t\t\t\t\t<\/div>\n\t\t<\/div>\n\t\t\t\t<\/div>\n\t\t\t\t<\/div>\n\t\t\t\t\t<\/div>\n\t\t<\/div>\n\t\t\t\t\t<\/div>\n\t\t<\/section>\n\t\t\t\t<section class=\"elementor-section elementor-top-section elementor-element elementor-element-70a304a9 elementor-section-content-middle elementor-section-boxed elementor-section-height-default elementor-section-height-default\" data-id=\"70a304a9\" data-element_type=\"section\" data-settings=\"{&quot;background_background&quot;:&quot;classic&quot;}\">\n\t\t\t\t\t\t<div class=\"elementor-container elementor-column-gap-no\">\n\t\t\t\t\t<div class=\"elementor-column elementor-col-50 elementor-top-column elementor-element elementor-element-6e48870a\" data-id=\"6e48870a\" data-element_type=\"column\">\n\t\t\t<div class=\"elementor-widget-wrap elementor-element-populated\">\n\t\t\t\t\t\t<div class=\"elementor-element elementor-element-3b8f3747 elementor-widget elementor-widget-image\" data-id=\"3b8f3747\" data-element_type=\"widget\" data-widget_type=\"image.default\">\n\t\t\t\t<div class=\"elementor-widget-container\">\n\t\t\t\t\t\t\t\t\t\t\t\t\t<img fetchpriority=\"high\" decoding=\"async\" width=\"1365\" height=\"2048\" src=\"https:\/\/renacerboliviano.org\/wp-content\/uploads\/2019\/05\/197_BoliviaFlagRaise_230804.jpg\" class=\"attachment-full size-full wp-image-4055\" alt=\"\" srcset=\"https:\/\/renacerboliviano.org\/wp-content\/uploads\/2019\/05\/197_BoliviaFlagRaise_230804.jpg 1365w, https:\/\/renacerboliviano.org\/wp-content\/uploads\/2019\/05\/197_BoliviaFlagRaise_230804-200x300.jpg 200w, https:\/\/renacerboliviano.org\/wp-content\/uploads\/2019\/05\/197_BoliviaFlagRaise_230804-683x1024.jpg 683w, https:\/\/renacerboliviano.org\/wp-content\/uploads\/2019\/05\/197_BoliviaFlagRaise_230804-768x1152.jpg 768w, https:\/\/renacerboliviano.org\/wp-content\/uploads\/2019\/05\/197_BoliviaFlagRaise_230804-1024x1536.jpg 1024w, https:\/\/renacerboliviano.org\/wp-content\/uploads\/2019\/05\/197_BoliviaFlagRaise_230804-600x900.jpg 600w\" sizes=\"(max-width: 1365px) 100vw, 1365px\" \/>\t\t\t\t\t\t\t\t\t\t\t\t\t<\/div>\n\t\t\t\t<\/div>\n\t\t\t\t\t<\/div>\n\t\t<\/div>\n\t\t\t\t<div class=\"elementor-column elementor-col-50 elementor-top-column elementor-element elementor-element-350f33c3\" data-id=\"350f33c3\" data-element_type=\"column\">\n\t\t\t<div class=\"elementor-widget-wrap elementor-element-populated\">\n\t\t\t\t\t\t<div class=\"elementor-element elementor-element-25f42f98 elementor-widget elementor-widget-ova_heading\" data-id=\"25f42f98\" data-element_type=\"widget\" data-widget_type=\"ova_heading.default\">\n\t\t\t\t<div class=\"elementor-widget-container\">\n\t\t\t\t\t<div class=\"ova-heading version_1\">\n\t\t\t\t\t\t\t\t\t\t<h3 class=\"heading-title second_font\">Nosotros<\/h3>\n\t\t\t\t\t\t\t\t\t\t<div class=\"content\">\n\t\t\t\t\t<p>Renacer Boliviano es una organizaci\u00f3n sin fines de lucro registrada 501(c)(3) en el Estado de Illinois. Durante m\u00e1s de 30 a\u00f1os, hemos preservado la memoria de nuestras ra\u00edces tradicionales a trav\u00e9s de diversos eventos de recaudaci\u00f3n de fondos y actividades culturales. Lo m\u00e1s importante: hemos unido a la comunidad boliviana radicada en Chicago, fortaleciendo el orgullo cultural y la convivencia fraterna.<\/p>\t\t\t\t<\/div>\n\t\t\t\t\t<\/div>\n\t\t\t\t<\/div>\n\t\t\t\t<\/div>\n\t\t\t\t<div class=\"elementor-element elementor-element-1c89e088 elementor-widget elementor-widget-spacer\" data-id=\"1c89e088\" data-element_type=\"widget\" data-widget_type=\"spacer.default\">\n\t\t\t\t<div class=\"elementor-widget-container\">\n\t\t\t\t\t<div class=\"elementor-spacer\">\n\t\t\t<div class=\"elementor-spacer-inner\"><\/div>\n\t\t<\/div>\n\t\t\t\t<\/div>\n\t\t\t\t<\/div>\n\t\t\t\t<div class=\"elementor-element elementor-element-40a4c18e elementor-widget elementor-widget-heading\" data-id=\"40a4c18e\" data-element_type=\"widget\" data-widget_type=\"heading.default\">\n\t\t\t\t<div class=\"elementor-widget-container\">\n\t\t\t<h2 class=\"elementor-heading-title elementor-size-default\">Directiva de Renacer Boliviano<\/h2>\t\t<\/div>\n\t\t\t\t<\/div>\n\t\t\t\t<div class=\"elementor-element elementor-element-72cb161e elementor-icon-list--layout-traditional elementor-list-item-link-full_width elementor-widget elementor-widget-icon-list\" data-id=\"72cb161e\" data-element_type=\"widget\" data-widget_type=\"icon-list.default\">\n\t\t\t\t<div class=\"elementor-widget-container\">\n\t\t\t\t\t<ul class=\"elementor-icon-list-items\">\n\t\t\t\t\t\t\t<li class=\"elementor-icon-list-item\">\n\t\t\t\t\t\t\t\t\t\t\t<a href=\"mailto:presidente@renacerboliviano.org\u200b\" target=\"_blank\">\n\n\t\t\t\t\t\t\t\t\t\t\t\t<span class=\"elementor-icon-list-icon\">\n\t\t\t\t\t\t\t<svg aria-hidden=\"true\" class=\"e-font-icon-svg e-fas-circle\" viewbox=\"0 0 512 512\" xmlns=\"http:\/\/www.w3.org\/2000\/svg\"><path d=\"M256 8C119 8 8 119 8 256s111 248 248 248 248-111 248-248S393 8 256 8z\"><\/path><\/svg>\t\t\t\t\t\t<\/span>\n\t\t\t\t\t\t\t\t\t\t<span class=\"elementor-icon-list-text\">President: Omar Lopez Contact: presidente@renacerboliviano.org\u200b<\/span>\n\t\t\t\t\t\t\t\t\t\t\t<\/a>\n\t\t\t\t\t\t\t\t\t<\/li>\n\t\t\t\t\t\t\t\t<li class=\"elementor-icon-list-item\">\n\t\t\t\t\t\t\t\t\t\t\t<a href=\"mailto:vp@renacerboliviano.org%20\">\n\n\t\t\t\t\t\t\t\t\t\t\t\t<span class=\"elementor-icon-list-icon\">\n\t\t\t\t\t\t\t<svg aria-hidden=\"true\" class=\"e-font-icon-svg e-fas-circle\" viewbox=\"0 0 512 512\" xmlns=\"http:\/\/www.w3.org\/2000\/svg\"><path d=\"M256 8C119 8 8 119 8 256s111 248 248 248 248-111 248-248S393 8 256 8z\"><\/path><\/svg>\t\t\t\t\t\t<\/span>\n\t\t\t\t\t\t\t\t\t\t<span class=\"elementor-icon-list-text\">Vice-president: Aquiles Bigurra Contact: vp@renacerboliviano.org <\/span>\n\t\t\t\t\t\t\t\t\t\t\t<\/a>\n\t\t\t\t\t\t\t\t\t<\/li>\n\t\t\t\t\t\t\t\t<li class=\"elementor-icon-list-item\">\n\t\t\t\t\t\t\t\t\t\t\t<a href=\"mailto:tesorero@renacerboliviano.org%20\u200b\">\n\n\t\t\t\t\t\t\t\t\t\t\t\t<span class=\"elementor-icon-list-icon\">\n\t\t\t\t\t\t\t<svg aria-hidden=\"true\" class=\"e-font-icon-svg e-fas-circle\" viewbox=\"0 0 512 512\" xmlns=\"http:\/\/www.w3.org\/2000\/svg\"><path d=\"M256 8C119 8 8 119 8 256s111 248 248 248 248-111 248-248S393 8 256 8z\"><\/path><\/svg>\t\t\t\t\t\t<\/span>\n\t\t\t\t\t\t\t\t\t\t<span class=\"elementor-icon-list-text\">Tesorera: Susana Moen. Contact: tesorero@renacerboliviano.org \u200b<\/span>\n\t\t\t\t\t\t\t\t\t\t\t<\/a>\n\t\t\t\t\t\t\t\t\t<\/li>\n\t\t\t\t\t\t\t\t<li class=\"elementor-icon-list-item\">\n\t\t\t\t\t\t\t\t\t\t\t<a href=\"mailto:secretaria@renacerboliviano.org\u200b\u200b\">\n\n\t\t\t\t\t\t\t\t\t\t\t\t<span class=\"elementor-icon-list-icon\">\n\t\t\t\t\t\t\t<svg aria-hidden=\"true\" class=\"e-font-icon-svg e-fas-circle\" viewbox=\"0 0 512 512\" xmlns=\"http:\/\/www.w3.org\/2000\/svg\"><path d=\"M256 8C119 8 8 119 8 256s111 248 248 248 248-111 248-248S393 8 256 8z\"><\/path><\/svg>\t\t\t\t\t\t<\/span>\n\t\t\t\t\t\t\t\t\t\t<span class=\"elementor-icon-list-text\">Secretario: Ron Henn Contact: secretaria@renacerboliviano.org\u200b\u200b<\/span>\n\t\t\t\t\t\t\t\t\t\t\t<\/a>\n\t\t\t\t\t\t\t\t\t<\/li>\n\t\t\t\t\t\t<\/ul>\n\t\t\t\t<\/div>\n\t\t\t\t<\/div>\n\t\t\t\t\t<\/div>\n\t\t<\/div>\n\t\t\t\t\t<\/div>\n\t\t<\/section>\n\t\t\t\t<section class=\"elementor-section elementor-top-section elementor-element elementor-element-3a3e806 elementor-section-stretched elementor-section-boxed elementor-section-height-default elementor-section-height-default\" data-id=\"3a3e806\" data-element_type=\"section\" data-settings=\"{&quot;background_background&quot;:&quot;classic&quot;,&quot;stretch_section&quot;:&quot;section-stretched&quot;}\">\n\t\t\t\t\t\t\t<div class=\"elementor-background-overlay\"><\/div>\n\t\t\t\t\t\t\t<div class=\"elementor-container elementor-column-gap-default\">\n\t\t\t\t\t<div class=\"elementor-column elementor-col-100 elementor-top-column elementor-element elementor-element-4a0ec48\" data-id=\"4a0ec48\" data-element_type=\"column\">\n\t\t\t<div class=\"elementor-widget-wrap elementor-element-populated\">\n\t\t\t\t\t\t<div class=\"elementor-element elementor-element-447e8e6 elementor-widget elementor-widget-ova_feature\" data-id=\"447e8e6\" data-element_type=\"widget\" data-widget_type=\"ova_feature.default\">\n\t\t\t\t<div class=\"elementor-widget-container\">\n\t\t\t\t\t<div class=\"ova-feature version_1\">\n\t\t\t\t\t\t\t<div class=\"ova-media\">\n\t\t\t\t\t<div class=\"wp-media\">\n\t\t\t\t\t\t\t\t\t\t\t\t\t<i class=\"flaticon-heart-1\"><\/i>\n\t\t\t\t\t\t\n\t\t\t\t\t\t\t\t\t\t\t<\/div>\n\t\t\t\t<\/div>\n\t\t\t\t<div class=\"content\">\n\t\t\t\t\t\t\t\t\t\t\t<h3 class=\"title\">\n\t\t\t\t\t\t\t<a href=\"#\" class=\"second_font\">Nuestra Misi\u00f3n<\/a>\n\t\t\t\t\t\t<\/h3>\n\t\t\t\t\t\t\t\t\t\t\t\t\t\t\t\t<p class=\"desc\">Renacer Boliviano est\u00e1 dedicado a apoyar a los necesitados tanto en Bolivia como en nuestra comunidad en Estados Unidos. Nos esforzamos por brindar asistencia esencial mientras promovemos y preservamos la cultura boliviana. A trav\u00e9s de nuestros esfuerzos, buscamos mejorar las condiciones de vida de personas y familias, fomentando un sentido de unidad y orgullo cultural.<\/p>\n\t\t\t\t\t\t\t\t\t<\/div>\n\t\t\t\n\t\t\t\t\t<\/div>\n\t\t\t\t<\/div>\n\t\t\t\t<\/div>\n\t\t\t\t\t<\/div>\n\t\t<\/div>\n\t\t\t\t\t<\/div>\n\t\t<\/section>\n\t\t<div class=\"elementor-element elementor-element-79cad3 e-flex e-con-boxed e-con e-parent\" data-id=\"79cad3\" data-element_type=\"container\">\n\t\t\t\t\t<div class=\"e-con-inner\">\n\t\t\t\t<div class=\"elementor-element elementor-element-3e49f530 elementor-widget elementor-widget-stratum-vertical-timeline\" data-id=\"3e49f530\" data-element_type=\"widget\" data-widget_type=\"stratum-vertical-timeline.default\">\n\t\t\t\t<div class=\"elementor-widget-container\">\n\t\t\t<div class=\"stratum-vertical-timeline stratum-vertical-timeline--align-middle\" data-animation=\"slideInSides\">\n\t<div class=\"stratum-vertical-timeline__line\">\n        <div class=\"stratum-vertical-timeline__line-progress\"><\/div>\n    <\/div>\n\n    <div class=\"stratum-vertical-timeline__list\">            <div class=\"stratum-vertical-timeline-item card-chess elementor-repeater-item-00837ea\">\n                <div class=\"stratum-vertical-timeline-item__inner stratum-vertical-timeline-item__inner\">\n                    <div class=\"stratum-vertical-timeline-item__card\">\n                        <div class=\"stratum-vertical-timeline-item__card-inner\">\n\t\t\t\t\t\t\t<div class='stratum-vertical-timeline-item__card-image'><img src='https:\/\/renacerboliviano.org\/wp-content\/plugins\/elementor\/assets\/images\/placeholder.png'\/><\/div>                            <div class=\"stratum-vertical-timeline-item__card-content\">\n                            <div class=\"stratum-vertical-timeline-item__meta-copy\">\n                                <div class=\"stratum-vertical-timeline-item__meta-content\">\n                                    Marzo, 2025                                <\/div>\n                            <\/div>\n\t\t\t\t\t\t\t\n                                <h2 class=\"stratum-vertical-timeline-item__card-title\">\n\t\t\t\t\t\t\t\t\tHogar San Jos\u00e9 - Cochabamba\t\t\t\t\t\t\t\t<\/h2>\n\n\t\t\t\t\t\t\t\t\t\t\t\t\t\t\t\t\t<div class=\"stratum-vertical-timeline-item__card-description\">\n\t\t\t\t\t\t\t\t\t\tCentro de cuidado para adultos mayores\t\t\t\t\t\t\t\t\t<\/div>\n\t\t\t\t\t\t\t\t                            <\/div>\n                            <div class=\"stratum-vertical-timeline-item__card-arrow\"><\/div>\n                        <\/div>\n                    <\/div>\n\n                    <div class=\"stratum-vertical-timeline-item__point\">\n                        <div class=\"stratum-vertical-timeline-item__point-content stratum-vertical-timeline-item__point-content--icon\"><span class='stratum-vertical-timeline-item__icon'><svg aria-hidden=\"true\" class=\"e-font-icon-svg e-fas-hand-holding-heart\" viewbox=\"0 0 576 512\" xmlns=\"http:\/\/www.w3.org\/2000\/svg\"><path d=\"M275.3 250.5c7 7.4 18.4 7.4 25.5 0l108.9-114.2c31.6-33.2 29.8-88.2-5.6-118.8-30.8-26.7-76.7-21.9-104.9 7.7L288 36.9l-11.1-11.6C248.7-4.4 202.8-9.2 172 17.5c-35.3 30.6-37.2 85.6-5.6 118.8l108.9 114.2zm290 77.6c-11.8-10.7-30.2-10-42.6 0L430.3 402c-11.3 9.1-25.4 14-40 14H272c-8.8 0-16-7.2-16-16s7.2-16 16-16h78.3c15.9 0 30.7-10.9 33.3-26.6 3.3-20-12.1-37.4-31.6-37.4H192c-27 0-53.1 9.3-74.1 26.3L71.4 384H16c-8.8 0-16 7.2-16 16v96c0 8.8 7.2 16 16 16h356.8c14.5 0 28.6-4.9 40-14L564 377c15.2-12.1 16.4-35.3 1.3-48.9z\"><\/path><\/svg><\/span><\/div>                    <\/div>\n\n                    <div class=\"stratum-vertical-timeline-item__meta\">\n                        <div class=\"stratum-vertical-timeline-item__meta-content\">\n\t\t\t\t\t\t\tMarzo, 2025\t\t\t\t\t\t<\/div>\n                    <\/div>\n\n                <\/div>\n            <\/div>\n                    <div class=\"stratum-vertical-timeline-item card-chess elementor-repeater-item-d4b0671\">\n                <div class=\"stratum-vertical-timeline-item__inner stratum-vertical-timeline-item__inner\">\n                    <div class=\"stratum-vertical-timeline-item__card\">\n                        <div class=\"stratum-vertical-timeline-item__card-inner\">\n\t\t\t\t\t\t\t<div class='stratum-vertical-timeline-item__card-image'><img src='https:\/\/renacerboliviano.org\/wp-content\/uploads\/2025\/05\/Puntiti.jpeg.jpg' class='wp-image-5011' srcset='https:\/\/renacerboliviano.org\/wp-content\/uploads\/2025\/05\/Puntiti.jpeg.jpg 1280w, https:\/\/renacerboliviano.org\/wp-content\/uploads\/2025\/05\/Puntiti.jpeg-300x225.jpg 300w, https:\/\/renacerboliviano.org\/wp-content\/uploads\/2025\/05\/Puntiti.jpeg-1024x768.jpg 1024w, https:\/\/renacerboliviano.org\/wp-content\/uploads\/2025\/05\/Puntiti.jpeg-768x576.jpg 768w, https:\/\/renacerboliviano.org\/wp-content\/uploads\/2025\/05\/Puntiti.jpeg-16x12.jpg 16w, https:\/\/renacerboliviano.org\/wp-content\/uploads\/2025\/05\/Puntiti.jpeg-600x450.jpg 600w'\/><\/div>                            <div class=\"stratum-vertical-timeline-item__card-content\">\n                            <div class=\"stratum-vertical-timeline-item__meta-copy\">\n                                <div class=\"stratum-vertical-timeline-item__meta-content\">\n                                    31 de enero, 2024                                <\/div>\n                            <\/div>\n\t\t\t\t\t\t\t\n                                <h2 class=\"stratum-vertical-timeline-item__card-title\">\n\t\t\t\t\t\t\t\t\tComunidad Terap\u00e9utica Puntiti - Cochabamba \t\t\t\t\t\t\t\t<\/h2>\n\n\t\t\t\t\t\t\t\t\t\t\t\t\t\t\t\t\t<div class=\"stratum-vertical-timeline-item__card-description\">\n\t\t\t\t\t\t\t\t\t\tApoya a ni\u00f1os con capacidades diferentes\n\n\t\t\t\t\t\t\t\t\t<\/div>\n\t\t\t\t\t\t\t\t                            <\/div>\n                            <div class=\"stratum-vertical-timeline-item__card-arrow\"><\/div>\n                        <\/div>\n                    <\/div>\n\n                    <div class=\"stratum-vertical-timeline-item__point\">\n                        <div class=\"stratum-vertical-timeline-item__point-content stratum-vertical-timeline-item__point-content--icon\"><span class='stratum-vertical-timeline-item__icon'><svg aria-hidden=\"true\" class=\"e-font-icon-svg e-fas-hand-holding-heart\" viewbox=\"0 0 576 512\" xmlns=\"http:\/\/www.w3.org\/2000\/svg\"><path d=\"M275.3 250.5c7 7.4 18.4 7.4 25.5 0l108.9-114.2c31.6-33.2 29.8-88.2-5.6-118.8-30.8-26.7-76.7-21.9-104.9 7.7L288 36.9l-11.1-11.6C248.7-4.4 202.8-9.2 172 17.5c-35.3 30.6-37.2 85.6-5.6 118.8l108.9 114.2zm290 77.6c-11.8-10.7-30.2-10-42.6 0L430.3 402c-11.3 9.1-25.4 14-40 14H272c-8.8 0-16-7.2-16-16s7.2-16 16-16h78.3c15.9 0 30.7-10.9 33.3-26.6 3.3-20-12.1-37.4-31.6-37.4H192c-27 0-53.1 9.3-74.1 26.3L71.4 384H16c-8.8 0-16 7.2-16 16v96c0 8.8 7.2 16 16 16h356.8c14.5 0 28.6-4.9 40-14L564 377c15.2-12.1 16.4-35.3 1.3-48.9z\"><\/path><\/svg><\/span><\/div>                    <\/div>\n\n                    <div class=\"stratum-vertical-timeline-item__meta\">\n                        <div class=\"stratum-vertical-timeline-item__meta-content\">\n\t\t\t\t\t\t\t31 de enero, 2024\t\t\t\t\t\t<\/div>\n                    <\/div>\n\n                <\/div>\n            <\/div>\n                    <div class=\"stratum-vertical-timeline-item card-chess elementor-repeater-item-40e64a8\">\n                <div class=\"stratum-vertical-timeline-item__inner stratum-vertical-timeline-item__inner\">\n                    <div class=\"stratum-vertical-timeline-item__card\">\n                        <div class=\"stratum-vertical-timeline-item__card-inner\">\n\t\t\t\t\t\t\t                            <div class=\"stratum-vertical-timeline-item__card-content\">\n                            <div class=\"stratum-vertical-timeline-item__meta-copy\">\n                                <div class=\"stratum-vertical-timeline-item__meta-content\">\n                                    Diciembre, 2024                                 <\/div>\n                            <\/div>\n\t\t\t\t\t\t\t\n                                <h2 class=\"stratum-vertical-timeline-item__card-title\">\n\t\t\t\t\t\t\t\t\tCasa de los Ni\u00f1os - Cochabamba\t\t\t\t\t\t\t\t<\/h2>\n\n\t\t\t\t\t\t\t\t\t\t\t\t\t\t\t\t\t<div class=\"stratum-vertical-timeline-item__card-description\">\n\t\t\t\t\t\t\t\t\t\tHogar para ni\u00f1os en situaci\u00f3n de vulnerabilidad\t\t\t\t\t\t\t\t\t<\/div>\n\t\t\t\t\t\t\t\t                            <\/div>\n                            <div class=\"stratum-vertical-timeline-item__card-arrow\"><\/div>\n                        <\/div>\n                    <\/div>\n\n                    <div class=\"stratum-vertical-timeline-item__point\">\n                        <div class=\"stratum-vertical-timeline-item__point-content stratum-vertical-timeline-item__point-content--icon\"><span class='stratum-vertical-timeline-item__icon'><svg aria-hidden=\"true\" class=\"e-font-icon-svg e-fas-hand-holding-heart\" viewbox=\"0 0 576 512\" xmlns=\"http:\/\/www.w3.org\/2000\/svg\"><path d=\"M275.3 250.5c7 7.4 18.4 7.4 25.5 0l108.9-114.2c31.6-33.2 29.8-88.2-5.6-118.8-30.8-26.7-76.7-21.9-104.9 7.7L288 36.9l-11.1-11.6C248.7-4.4 202.8-9.2 172 17.5c-35.3 30.6-37.2 85.6-5.6 118.8l108.9 114.2zm290 77.6c-11.8-10.7-30.2-10-42.6 0L430.3 402c-11.3 9.1-25.4 14-40 14H272c-8.8 0-16-7.2-16-16s7.2-16 16-16h78.3c15.9 0 30.7-10.9 33.3-26.6 3.3-20-12.1-37.4-31.6-37.4H192c-27 0-53.1 9.3-74.1 26.3L71.4 384H16c-8.8 0-16 7.2-16 16v96c0 8.8 7.2 16 16 16h356.8c14.5 0 28.6-4.9 40-14L564 377c15.2-12.1 16.4-35.3 1.3-48.9z\"><\/path><\/svg><\/span><\/div>                    <\/div>\n\n                    <div class=\"stratum-vertical-timeline-item__meta\">\n                        <div class=\"stratum-vertical-timeline-item__meta-content\">\n\t\t\t\t\t\t\tDiciembre, 2024 \t\t\t\t\t\t<\/div>\n                    <\/div>\n\n                <\/div>\n            <\/div>\n                    <div class=\"stratum-vertical-timeline-item card-chess elementor-repeater-item-b846ef0\">\n                <div class=\"stratum-vertical-timeline-item__inner stratum-vertical-timeline-item__inner\">\n                    <div class=\"stratum-vertical-timeline-item__card\">\n                        <div class=\"stratum-vertical-timeline-item__card-inner\">\n\t\t\t\t\t\t\t<div class='stratum-vertical-timeline-item__card-image'><img src='https:\/\/renacerboliviano.org\/wp-content\/uploads\/2025\/01\/Fabricio-donaciones-2024-San-Francisco.jpg' class='wp-image-4462' srcset='https:\/\/renacerboliviano.org\/wp-content\/uploads\/2025\/01\/Fabricio-donaciones-2024-San-Francisco.jpg 1280w, https:\/\/renacerboliviano.org\/wp-content\/uploads\/2025\/01\/Fabricio-donaciones-2024-San-Francisco-300x225.jpg 300w, https:\/\/renacerboliviano.org\/wp-content\/uploads\/2025\/01\/Fabricio-donaciones-2024-San-Francisco-1024x768.jpg 1024w, https:\/\/renacerboliviano.org\/wp-content\/uploads\/2025\/01\/Fabricio-donaciones-2024-San-Francisco-768x576.jpg 768w, https:\/\/renacerboliviano.org\/wp-content\/uploads\/2025\/01\/Fabricio-donaciones-2024-San-Francisco-600x450.jpg 600w'\/><\/div>                            <div class=\"stratum-vertical-timeline-item__card-content\">\n                            <div class=\"stratum-vertical-timeline-item__meta-copy\">\n                                <div class=\"stratum-vertical-timeline-item__meta-content\">\n                                    Noviembre, 2024                                <\/div>\n                            <\/div>\n\t\t\t\t\t\t\t\n                                <h2 class=\"stratum-vertical-timeline-item__card-title\">\n\t\t\t\t\t\t\t\t\tBas\u00edlica Menor de San Francisco - La Paz\t\t\t\t\t\t\t\t<\/h2>\n\n\t\t\t\t\t\t\t\t\t\t\t\t\t\t\t\t\t<div class=\"stratum-vertical-timeline-item__card-description\">\n\t\t\t\t\t\t\t\t\t\tAyuda para adultos de escasos recursos \t\t\t\t\t\t\t\t\t<\/div>\n\t\t\t\t\t\t\t\t                            <\/div>\n                            <div class=\"stratum-vertical-timeline-item__card-arrow\"><\/div>\n                        <\/div>\n                    <\/div>\n\n                    <div class=\"stratum-vertical-timeline-item__point\">\n                        <div class=\"stratum-vertical-timeline-item__point-content stratum-vertical-timeline-item__point-content--icon\"><span class='stratum-vertical-timeline-item__icon'><svg aria-hidden=\"true\" class=\"e-font-icon-svg e-fas-hand-holding-heart\" viewbox=\"0 0 576 512\" xmlns=\"http:\/\/www.w3.org\/2000\/svg\"><path d=\"M275.3 250.5c7 7.4 18.4 7.4 25.5 0l108.9-114.2c31.6-33.2 29.8-88.2-5.6-118.8-30.8-26.7-76.7-21.9-104.9 7.7L288 36.9l-11.1-11.6C248.7-4.4 202.8-9.2 172 17.5c-35.3 30.6-37.2 85.6-5.6 118.8l108.9 114.2zm290 77.6c-11.8-10.7-30.2-10-42.6 0L430.3 402c-11.3 9.1-25.4 14-40 14H272c-8.8 0-16-7.2-16-16s7.2-16 16-16h78.3c15.9 0 30.7-10.9 33.3-26.6 3.3-20-12.1-37.4-31.6-37.4H192c-27 0-53.1 9.3-74.1 26.3L71.4 384H16c-8.8 0-16 7.2-16 16v96c0 8.8 7.2 16 16 16h356.8c14.5 0 28.6-4.9 40-14L564 377c15.2-12.1 16.4-35.3 1.3-48.9z\"><\/path><\/svg><\/span><\/div>                    <\/div>\n\n                    <div class=\"stratum-vertical-timeline-item__meta\">\n                        <div class=\"stratum-vertical-timeline-item__meta-content\">\n\t\t\t\t\t\t\tNoviembre, 2024\t\t\t\t\t\t<\/div>\n                    <\/div>\n\n                <\/div>\n            <\/div>\n                    <div class=\"stratum-vertical-timeline-item card-chess elementor-repeater-item-7e539cd\">\n                <div class=\"stratum-vertical-timeline-item__inner stratum-vertical-timeline-item__inner\">\n                    <div class=\"stratum-vertical-timeline-item__card\">\n                        <div class=\"stratum-vertical-timeline-item__card-inner\">\n\t\t\t\t\t\t\t                            <div class=\"stratum-vertical-timeline-item__card-content\">\n                            <div class=\"stratum-vertical-timeline-item__meta-copy\">\n                                <div class=\"stratum-vertical-timeline-item__meta-content\">\n                                    Octubre 2024                                 <\/div>\n                            <\/div>\n\t\t\t\t\t\t\t\n                                <h2 class=\"stratum-vertical-timeline-item__card-title\">\n\t\t\t\t\t\t\t\t\tProyecto Kusisqa Warmi Socav\u00f3n - Oruro\t\t\t\t\t\t\t\t<\/h2>\n\n\t\t\t\t\t\t\t\t\t\t\t\t\t\t\t\t\t<div class=\"stratum-vertical-timeline-item__card-description\">\n\t\t\t\t\t\t\t\t\t\tOruro, Mujeres V\u00edctimas de Violencia Intrafamiliar\t\t\t\t\t\t\t\t\t<\/div>\n\t\t\t\t\t\t\t\t                            <\/div>\n                            <div class=\"stratum-vertical-timeline-item__card-arrow\"><\/div>\n                        <\/div>\n                    <\/div>\n\n                    <div class=\"stratum-vertical-timeline-item__point\">\n                        <div class=\"stratum-vertical-timeline-item__point-content stratum-vertical-timeline-item__point-content--icon\"><span class='stratum-vertical-timeline-item__icon'><svg aria-hidden=\"true\" class=\"e-font-icon-svg e-fas-hand-holding-heart\" viewbox=\"0 0 576 512\" xmlns=\"http:\/\/www.w3.org\/2000\/svg\"><path d=\"M275.3 250.5c7 7.4 18.4 7.4 25.5 0l108.9-114.2c31.6-33.2 29.8-88.2-5.6-118.8-30.8-26.7-76.7-21.9-104.9 7.7L288 36.9l-11.1-11.6C248.7-4.4 202.8-9.2 172 17.5c-35.3 30.6-37.2 85.6-5.6 118.8l108.9 114.2zm290 77.6c-11.8-10.7-30.2-10-42.6 0L430.3 402c-11.3 9.1-25.4 14-40 14H272c-8.8 0-16-7.2-16-16s7.2-16 16-16h78.3c15.9 0 30.7-10.9 33.3-26.6 3.3-20-12.1-37.4-31.6-37.4H192c-27 0-53.1 9.3-74.1 26.3L71.4 384H16c-8.8 0-16 7.2-16 16v96c0 8.8 7.2 16 16 16h356.8c14.5 0 28.6-4.9 40-14L564 377c15.2-12.1 16.4-35.3 1.3-48.9z\"><\/path><\/svg><\/span><\/div>                    <\/div>\n\n                    <div class=\"stratum-vertical-timeline-item__meta\">\n                        <div class=\"stratum-vertical-timeline-item__meta-content\">\n\t\t\t\t\t\t\tOctubre 2024 \t\t\t\t\t\t<\/div>\n                    <\/div>\n\n                <\/div>\n            <\/div>\n                    <div class=\"stratum-vertical-timeline-item card-chess elementor-repeater-item-fe9c540\">\n                <div class=\"stratum-vertical-timeline-item__inner stratum-vertical-timeline-item__inner\">\n                    <div class=\"stratum-vertical-timeline-item__card\">\n                        <div class=\"stratum-vertical-timeline-item__card-inner\">\n\t\t\t\t\t\t\t                            <div class=\"stratum-vertical-timeline-item__card-content\">\n                            <div class=\"stratum-vertical-timeline-item__meta-copy\">\n                                <div class=\"stratum-vertical-timeline-item__meta-content\">\n                                    Septiembre, 2024                                 <\/div>\n                            <\/div>\n\t\t\t\t\t\t\t\n                                <h2 class=\"stratum-vertical-timeline-item__card-title\">\n\t\t\t\t\t\t\t\t\tClub Deportivo Multidisciplinario Juventus - Oruro\t\t\t\t\t\t\t\t<\/h2>\n\n\t\t\t\t\t\t\t\t\t\t\t\t\t\t\t\t\t<div class=\"stratum-vertical-timeline-item__card-description\">\n\t\t\t\t\t\t\t\t\t\tAtletas con capacidades diferentes\t\t\t\t\t\t\t\t\t<\/div>\n\t\t\t\t\t\t\t\t                            <\/div>\n                            <div class=\"stratum-vertical-timeline-item__card-arrow\"><\/div>\n                        <\/div>\n                    <\/div>\n\n                    <div class=\"stratum-vertical-timeline-item__point\">\n                        <div class=\"stratum-vertical-timeline-item__point-content stratum-vertical-timeline-item__point-content--icon\"><span class='stratum-vertical-timeline-item__icon'><svg aria-hidden=\"true\" class=\"e-font-icon-svg e-fas-hand-holding-heart\" viewbox=\"0 0 576 512\" xmlns=\"http:\/\/www.w3.org\/2000\/svg\"><path d=\"M275.3 250.5c7 7.4 18.4 7.4 25.5 0l108.9-114.2c31.6-33.2 29.8-88.2-5.6-118.8-30.8-26.7-76.7-21.9-104.9 7.7L288 36.9l-11.1-11.6C248.7-4.4 202.8-9.2 172 17.5c-35.3 30.6-37.2 85.6-5.6 118.8l108.9 114.2zm290 77.6c-11.8-10.7-30.2-10-42.6 0L430.3 402c-11.3 9.1-25.4 14-40 14H272c-8.8 0-16-7.2-16-16s7.2-16 16-16h78.3c15.9 0 30.7-10.9 33.3-26.6 3.3-20-12.1-37.4-31.6-37.4H192c-27 0-53.1 9.3-74.1 26.3L71.4 384H16c-8.8 0-16 7.2-16 16v96c0 8.8 7.2 16 16 16h356.8c14.5 0 28.6-4.9 40-14L564 377c15.2-12.1 16.4-35.3 1.3-48.9z\"><\/path><\/svg><\/span><\/div>                    <\/div>\n\n                    <div class=\"stratum-vertical-timeline-item__meta\">\n                        <div class=\"stratum-vertical-timeline-item__meta-content\">\n\t\t\t\t\t\t\tSeptiembre, 2024 \t\t\t\t\t\t<\/div>\n                    <\/div>\n\n                <\/div>\n            <\/div>\n                    <div class=\"stratum-vertical-timeline-item card-chess elementor-repeater-item-5899aed\">\n                <div class=\"stratum-vertical-timeline-item__inner stratum-vertical-timeline-item__inner\">\n                    <div class=\"stratum-vertical-timeline-item__card\">\n                        <div class=\"stratum-vertical-timeline-item__card-inner\">\n\t\t\t\t\t\t\t<div class='stratum-vertical-timeline-item__card-image'><img src='https:\/\/renacerboliviano.org\/wp-content\/uploads\/2025\/05\/Burgosmarkapicture.jpg.jpg' class='wp-image-5010' srcset='https:\/\/renacerboliviano.org\/wp-content\/uploads\/2025\/05\/Burgosmarkapicture.jpg.jpg 1600w, https:\/\/renacerboliviano.org\/wp-content\/uploads\/2025\/05\/Burgosmarkapicture.jpg-300x169.jpg 300w, https:\/\/renacerboliviano.org\/wp-content\/uploads\/2025\/05\/Burgosmarkapicture.jpg-1024x576.jpg 1024w, https:\/\/renacerboliviano.org\/wp-content\/uploads\/2025\/05\/Burgosmarkapicture.jpg-768x432.jpg 768w, https:\/\/renacerboliviano.org\/wp-content\/uploads\/2025\/05\/Burgosmarkapicture.jpg-1536x864.jpg 1536w, https:\/\/renacerboliviano.org\/wp-content\/uploads\/2025\/05\/Burgosmarkapicture.jpg-18x10.jpg 18w, https:\/\/renacerboliviano.org\/wp-content\/uploads\/2025\/05\/Burgosmarkapicture.jpg-600x338.jpg 600w'\/><\/div>                            <div class=\"stratum-vertical-timeline-item__card-content\">\n                            <div class=\"stratum-vertical-timeline-item__meta-copy\">\n                                <div class=\"stratum-vertical-timeline-item__meta-content\">\n                                    Agosto, 2024                                 <\/div>\n                            <\/div>\n\t\t\t\t\t\t\t\n                                <h2 class=\"stratum-vertical-timeline-item__card-title\">\n\t\t\t\t\t\t\t\t\tJuventud Obrera Cristiana - La Paz\t\t\t\t\t\t\t\t<\/h2>\n\n\t\t\t\t\t\t\t\t\t\t\t\t\t\t\t\t\t<div class=\"stratum-vertical-timeline-item__card-description\">\n\t\t\t\t\t\t\t\t\t\tJ\u00f3venes entre 4 y 18 a\u00f1os con discapacidad visual\t\t\t\t\t\t\t\t\t<\/div>\n\t\t\t\t\t\t\t\t                            <\/div>\n                            <div class=\"stratum-vertical-timeline-item__card-arrow\"><\/div>\n                        <\/div>\n                    <\/div>\n\n                    <div class=\"stratum-vertical-timeline-item__point\">\n                        <div class=\"stratum-vertical-timeline-item__point-content stratum-vertical-timeline-item__point-content--icon\"><span class='stratum-vertical-timeline-item__icon'><svg aria-hidden=\"true\" class=\"e-font-icon-svg e-fas-hand-holding-heart\" viewbox=\"0 0 576 512\" xmlns=\"http:\/\/www.w3.org\/2000\/svg\"><path d=\"M275.3 250.5c7 7.4 18.4 7.4 25.5 0l108.9-114.2c31.6-33.2 29.8-88.2-5.6-118.8-30.8-26.7-76.7-21.9-104.9 7.7L288 36.9l-11.1-11.6C248.7-4.4 202.8-9.2 172 17.5c-35.3 30.6-37.2 85.6-5.6 118.8l108.9 114.2zm290 77.6c-11.8-10.7-30.2-10-42.6 0L430.3 402c-11.3 9.1-25.4 14-40 14H272c-8.8 0-16-7.2-16-16s7.2-16 16-16h78.3c15.9 0 30.7-10.9 33.3-26.6 3.3-20-12.1-37.4-31.6-37.4H192c-27 0-53.1 9.3-74.1 26.3L71.4 384H16c-8.8 0-16 7.2-16 16v96c0 8.8 7.2 16 16 16h356.8c14.5 0 28.6-4.9 40-14L564 377c15.2-12.1 16.4-35.3 1.3-48.9z\"><\/path><\/svg><\/span><\/div>                    <\/div>\n\n                    <div class=\"stratum-vertical-timeline-item__meta\">\n                        <div class=\"stratum-vertical-timeline-item__meta-content\">\n\t\t\t\t\t\t\tAgosto, 2024 \t\t\t\t\t\t<\/div>\n                    <\/div>\n\n                <\/div>\n            <\/div>\n                    <div class=\"stratum-vertical-timeline-item card-chess elementor-repeater-item-bbe639f\">\n                <div class=\"stratum-vertical-timeline-item__inner stratum-vertical-timeline-item__inner\">\n                    <div class=\"stratum-vertical-timeline-item__card\">\n                        <div class=\"stratum-vertical-timeline-item__card-inner\">\n\t\t\t\t\t\t\t<div class='stratum-vertical-timeline-item__card-image'><img src='https:\/\/renacerboliviano.org\/wp-content\/uploads\/2025\/05\/Burgosmarkapicture.jpg.jpg' class='wp-image-5010' srcset='https:\/\/renacerboliviano.org\/wp-content\/uploads\/2025\/05\/Burgosmarkapicture.jpg.jpg 1600w, https:\/\/renacerboliviano.org\/wp-content\/uploads\/2025\/05\/Burgosmarkapicture.jpg-300x169.jpg 300w, https:\/\/renacerboliviano.org\/wp-content\/uploads\/2025\/05\/Burgosmarkapicture.jpg-1024x576.jpg 1024w, https:\/\/renacerboliviano.org\/wp-content\/uploads\/2025\/05\/Burgosmarkapicture.jpg-768x432.jpg 768w, https:\/\/renacerboliviano.org\/wp-content\/uploads\/2025\/05\/Burgosmarkapicture.jpg-1536x864.jpg 1536w, https:\/\/renacerboliviano.org\/wp-content\/uploads\/2025\/05\/Burgosmarkapicture.jpg-18x10.jpg 18w, https:\/\/renacerboliviano.org\/wp-content\/uploads\/2025\/05\/Burgosmarkapicture.jpg-600x338.jpg 600w'\/><\/div>                            <div class=\"stratum-vertical-timeline-item__card-content\">\n                            <div class=\"stratum-vertical-timeline-item__meta-copy\">\n                                <div class=\"stratum-vertical-timeline-item__meta-content\">\n                                    Agosto, 2024                                 <\/div>\n                            <\/div>\n\t\t\t\t\t\t\t\n                                <h2 class=\"stratum-vertical-timeline-item__card-title\">\n\t\t\t\t\t\t\t\t\tCentro Integral Burgosmarka - El Alto \u2013 Bolivia\t\t\t\t\t\t\t\t<\/h2>\n\n\t\t\t\t\t\t\t\t\t\t\t\t\t\t\t\t\t<div class=\"stratum-vertical-timeline-item__card-description\">\n\t\t\t\t\t\t\t\t\t\tAtiende a ni\u00f1os en zona roja, mientras sus padres van a trabajar\t\t\t\t\t\t\t\t\t<\/div>\n\t\t\t\t\t\t\t\t                            <\/div>\n                            <div class=\"stratum-vertical-timeline-item__card-arrow\"><\/div>\n                        <\/div>\n                    <\/div>\n\n                    <div class=\"stratum-vertical-timeline-item__point\">\n                        <div class=\"stratum-vertical-timeline-item__point-content stratum-vertical-timeline-item__point-content--icon\"><span class='stratum-vertical-timeline-item__icon'><svg aria-hidden=\"true\" class=\"e-font-icon-svg e-fas-hand-holding-heart\" viewbox=\"0 0 576 512\" xmlns=\"http:\/\/www.w3.org\/2000\/svg\"><path d=\"M275.3 250.5c7 7.4 18.4 7.4 25.5 0l108.9-114.2c31.6-33.2 29.8-88.2-5.6-118.8-30.8-26.7-76.7-21.9-104.9 7.7L288 36.9l-11.1-11.6C248.7-4.4 202.8-9.2 172 17.5c-35.3 30.6-37.2 85.6-5.6 118.8l108.9 114.2zm290 77.6c-11.8-10.7-30.2-10-42.6 0L430.3 402c-11.3 9.1-25.4 14-40 14H272c-8.8 0-16-7.2-16-16s7.2-16 16-16h78.3c15.9 0 30.7-10.9 33.3-26.6 3.3-20-12.1-37.4-31.6-37.4H192c-27 0-53.1 9.3-74.1 26.3L71.4 384H16c-8.8 0-16 7.2-16 16v96c0 8.8 7.2 16 16 16h356.8c14.5 0 28.6-4.9 40-14L564 377c15.2-12.1 16.4-35.3 1.3-48.9z\"><\/path><\/svg><\/span><\/div>                    <\/div>\n\n                    <div class=\"stratum-vertical-timeline-item__meta\">\n                        <div class=\"stratum-vertical-timeline-item__meta-content\">\n\t\t\t\t\t\t\tAgosto, 2024 \t\t\t\t\t\t<\/div>\n                    <\/div>\n\n                <\/div>\n            <\/div>\n                    <div class=\"stratum-vertical-timeline-item card-chess elementor-repeater-item-b7143da\">\n                <div class=\"stratum-vertical-timeline-item__inner stratum-vertical-timeline-item__inner\">\n                    <div class=\"stratum-vertical-timeline-item__card\">\n                        <div class=\"stratum-vertical-timeline-item__card-inner\">\n\t\t\t\t\t\t\t<div class='stratum-vertical-timeline-item__card-image'><img src='https:\/\/renacerboliviano.org\/wp-content\/uploads\/2019\/05\/WhatsApp-Image-2024-08-09-at-9.15.37-PM-1-300x225.jpg' class='wp-image-4149' srcset='https:\/\/renacerboliviano.org\/wp-content\/uploads\/2019\/05\/WhatsApp-Image-2024-08-09-at-9.15.37-PM-1-300x225.jpg 300w, https:\/\/renacerboliviano.org\/wp-content\/uploads\/2019\/05\/WhatsApp-Image-2024-08-09-at-9.15.37-PM-1-1024x768.jpg 1024w, https:\/\/renacerboliviano.org\/wp-content\/uploads\/2019\/05\/WhatsApp-Image-2024-08-09-at-9.15.37-PM-1-768x576.jpg 768w, https:\/\/renacerboliviano.org\/wp-content\/uploads\/2019\/05\/WhatsApp-Image-2024-08-09-at-9.15.37-PM-1-1536x1152.jpg 1536w, https:\/\/renacerboliviano.org\/wp-content\/uploads\/2019\/05\/WhatsApp-Image-2024-08-09-at-9.15.37-PM-1-600x450.jpg 600w, https:\/\/renacerboliviano.org\/wp-content\/uploads\/2019\/05\/WhatsApp-Image-2024-08-09-at-9.15.37-PM-1.jpg 1600w'\/><\/div>                            <div class=\"stratum-vertical-timeline-item__card-content\">\n                            <div class=\"stratum-vertical-timeline-item__meta-copy\">\n                                <div class=\"stratum-vertical-timeline-item__meta-content\">\n                                    28 de Agosto, 2024                                <\/div>\n                            <\/div>\n\t\t\t\t\t\t\t\n                                <h2 class=\"stratum-vertical-timeline-item__card-title\">\n\t\t\t\t\t\t\t\t\tFamilia Feliz - Rurrenabaque \u2013 Beni\t\t\t\t\t\t\t\t<\/h2>\n\n\t\t\t\t\t\t\t\t\t\t\t\t\t\t\t\t\t<div class=\"stratum-vertical-timeline-item__card-description\">\n\t\t\t\t\t\t\t\t\t\tEscuela\/orfanato para ni\u00f1os en riesgo de adiccione, violencia y\/o tr\u00e1fico.\t\t\t\t\t\t\t\t\t<\/div>\n\t\t\t\t\t\t\t\t                            <\/div>\n                            <div class=\"stratum-vertical-timeline-item__card-arrow\"><\/div>\n                        <\/div>\n                    <\/div>\n\n                    <div class=\"stratum-vertical-timeline-item__point\">\n                        <div class=\"stratum-vertical-timeline-item__point-content stratum-vertical-timeline-item__point-content--icon\"><span class='stratum-vertical-timeline-item__icon'><svg aria-hidden=\"true\" class=\"e-font-icon-svg e-fas-hand-holding-heart\" viewbox=\"0 0 576 512\" xmlns=\"http:\/\/www.w3.org\/2000\/svg\"><path d=\"M275.3 250.5c7 7.4 18.4 7.4 25.5 0l108.9-114.2c31.6-33.2 29.8-88.2-5.6-118.8-30.8-26.7-76.7-21.9-104.9 7.7L288 36.9l-11.1-11.6C248.7-4.4 202.8-9.2 172 17.5c-35.3 30.6-37.2 85.6-5.6 118.8l108.9 114.2zm290 77.6c-11.8-10.7-30.2-10-42.6 0L430.3 402c-11.3 9.1-25.4 14-40 14H272c-8.8 0-16-7.2-16-16s7.2-16 16-16h78.3c15.9 0 30.7-10.9 33.3-26.6 3.3-20-12.1-37.4-31.6-37.4H192c-27 0-53.1 9.3-74.1 26.3L71.4 384H16c-8.8 0-16 7.2-16 16v96c0 8.8 7.2 16 16 16h356.8c14.5 0 28.6-4.9 40-14L564 377c15.2-12.1 16.4-35.3 1.3-48.9z\"><\/path><\/svg><\/span><\/div>                    <\/div>\n\n                    <div class=\"stratum-vertical-timeline-item__meta\">\n                        <div class=\"stratum-vertical-timeline-item__meta-content\">\n\t\t\t\t\t\t\t28 de Agosto, 2024\t\t\t\t\t\t<\/div>\n                    <\/div>\n\n                <\/div>\n            <\/div>\n                    <div class=\"stratum-vertical-timeline-item card-chess elementor-repeater-item-377a952\">\n                <div class=\"stratum-vertical-timeline-item__inner stratum-vertical-timeline-item__inner\">\n                    <div class=\"stratum-vertical-timeline-item__card\">\n                        <div class=\"stratum-vertical-timeline-item__card-inner\">\n\t\t\t\t\t\t\t<div class='stratum-vertical-timeline-item__card-image'><img src='https:\/\/renacerboliviano.org\/wp-content\/uploads\/2019\/05\/WhatsApp-Image-2024-08-09-at-9.15.37-PM-1-300x225.jpg' class='wp-image-4149' srcset='https:\/\/renacerboliviano.org\/wp-content\/uploads\/2019\/05\/WhatsApp-Image-2024-08-09-at-9.15.37-PM-1-300x225.jpg 300w, https:\/\/renacerboliviano.org\/wp-content\/uploads\/2019\/05\/WhatsApp-Image-2024-08-09-at-9.15.37-PM-1-1024x768.jpg 1024w, https:\/\/renacerboliviano.org\/wp-content\/uploads\/2019\/05\/WhatsApp-Image-2024-08-09-at-9.15.37-PM-1-768x576.jpg 768w, https:\/\/renacerboliviano.org\/wp-content\/uploads\/2019\/05\/WhatsApp-Image-2024-08-09-at-9.15.37-PM-1-1536x1152.jpg 1536w, https:\/\/renacerboliviano.org\/wp-content\/uploads\/2019\/05\/WhatsApp-Image-2024-08-09-at-9.15.37-PM-1-600x450.jpg 600w, https:\/\/renacerboliviano.org\/wp-content\/uploads\/2019\/05\/WhatsApp-Image-2024-08-09-at-9.15.37-PM-1.jpg 1600w'\/><\/div>                            <div class=\"stratum-vertical-timeline-item__card-content\">\n                            <div class=\"stratum-vertical-timeline-item__meta-copy\">\n                                <div class=\"stratum-vertical-timeline-item__meta-content\">\n                                    Agosto, 2024                                <\/div>\n                            <\/div>\n\t\t\t\t\t\t\t\n                                <h2 class=\"stratum-vertical-timeline-item__card-title\">\n\t\t\t\t\t\t\t\t\tVida Feliz (UMADIS)- Rurrenabaque  - Beni\t\t\t\t\t\t\t\t<\/h2>\n\n\t\t\t\t\t\t\t\t\t\t\t\t\t\t\t\t\t<div class=\"stratum-vertical-timeline-item__card-description\">\n\t\t\t\t\t\t\t\t\t\tOrganizaciones que apoyan a personas con discapacidad \t\t\t\t\t\t\t\t\t<\/div>\n\t\t\t\t\t\t\t\t                            <\/div>\n                            <div class=\"stratum-vertical-timeline-item__card-arrow\"><\/div>\n                        <\/div>\n                    <\/div>\n\n                    <div class=\"stratum-vertical-timeline-item__point\">\n                        <div class=\"stratum-vertical-timeline-item__point-content stratum-vertical-timeline-item__point-content--icon\"><span class='stratum-vertical-timeline-item__icon'><svg aria-hidden=\"true\" class=\"e-font-icon-svg e-fas-hand-holding-heart\" viewbox=\"0 0 576 512\" xmlns=\"http:\/\/www.w3.org\/2000\/svg\"><path d=\"M275.3 250.5c7 7.4 18.4 7.4 25.5 0l108.9-114.2c31.6-33.2 29.8-88.2-5.6-118.8-30.8-26.7-76.7-21.9-104.9 7.7L288 36.9l-11.1-11.6C248.7-4.4 202.8-9.2 172 17.5c-35.3 30.6-37.2 85.6-5.6 118.8l108.9 114.2zm290 77.6c-11.8-10.7-30.2-10-42.6 0L430.3 402c-11.3 9.1-25.4 14-40 14H272c-8.8 0-16-7.2-16-16s7.2-16 16-16h78.3c15.9 0 30.7-10.9 33.3-26.6 3.3-20-12.1-37.4-31.6-37.4H192c-27 0-53.1 9.3-74.1 26.3L71.4 384H16c-8.8 0-16 7.2-16 16v96c0 8.8 7.2 16 16 16h356.8c14.5 0 28.6-4.9 40-14L564 377c15.2-12.1 16.4-35.3 1.3-48.9z\"><\/path><\/svg><\/span><\/div>                    <\/div>\n\n                    <div class=\"stratum-vertical-timeline-item__meta\">\n                        <div class=\"stratum-vertical-timeline-item__meta-content\">\n\t\t\t\t\t\t\tAgosto, 2024\t\t\t\t\t\t<\/div>\n                    <\/div>\n\n                <\/div>\n            <\/div>\n            <\/div>\n<\/div>\n\t\t<\/div>\n\t\t\t\t<\/div>\n\t\t\t\t\t<\/div>\n\t\t\t\t<\/div>\n\t\t\t\t<section class=\"elementor-section elementor-top-section elementor-element elementor-element-28289dcb elementor-section-full_width elementor-section-stretched elementor-section-height-default elementor-section-height-default\" data-id=\"28289dcb\" data-element_type=\"section\" data-settings=\"{&quot;background_background&quot;:&quot;classic&quot;,&quot;stretch_section&quot;:&quot;section-stretched&quot;}\">\n\t\t\t\t\t\t\t<div class=\"elementor-background-overlay\"><\/div>\n\t\t\t\t\t\t\t<div class=\"elementor-container elementor-column-gap-default\">\n\t\t\t\t\t<div class=\"elementor-column elementor-col-100 elementor-top-column elementor-element elementor-element-16ffe5f3\" data-id=\"16ffe5f3\" data-element_type=\"column\">\n\t\t\t<div class=\"elementor-widget-wrap elementor-element-populated\">\n\t\t\t\t\t\t<div class=\"elementor-element elementor-element-3b70d9ef elementor-widget elementor-widget-ova_heading\" data-id=\"3b70d9ef\" data-element_type=\"widget\" data-widget_type=\"ova_heading.default\">\n\t\t\t\t<div class=\"elementor-widget-container\">\n\t\t\t\t\t<div class=\"ova-heading version_1\">\n\t\t\t\t\t\t\t\t\t\t<h3 class=\"heading-title second_font\">El impacto de Renacer Boliviano medido en n\u00fameros<\/h3>\n\t\t\t\t\t\t\t\t\t\t<div class=\"content\">\n\t\t\t\t\t<p>Voluntarios que contribuyen con su tiempo a nuestros programas y recaudaci\u00f3n de fondos.<br \/>campaigns through the years.<\/p>\t\t\t\t<\/div>\n\t\t\t\t\t<\/div>\n\t\t\t\t<\/div>\n\t\t\t\t<\/div>\n\t\t\t\t<section class=\"elementor-section elementor-inner-section elementor-element elementor-element-981b630 elementor-section-boxed elementor-section-height-default elementor-section-height-default\" data-id=\"981b630\" data-element_type=\"section\">\n\t\t\t\t\t\t<div class=\"elementor-container elementor-column-gap-default\">\n\t\t\t\t\t<div class=\"elementor-column elementor-col-33 elementor-inner-column elementor-element elementor-element-137e53bc charihope-counter\" data-id=\"137e53bc\" data-element_type=\"column\">\n\t\t\t<div class=\"elementor-widget-wrap elementor-element-populated\">\n\t\t\t\t\t\t<div class=\"elementor-element elementor-element-c67d776 elementor-widget elementor-widget-ova_icon\" data-id=\"c67d776\" data-element_type=\"widget\" data-widget_type=\"ova_icon.default\">\n\t\t\t\t<div class=\"elementor-widget-container\">\n\t\t\t\t\t<div class=\"ova-icon\">\n\t\t\t\t\t\t<i class=\"flaticon-heart\"><\/i>\n\t\t\t\n\t\t\t\t\t<\/div>\n\t\t\t\t<\/div>\n\t\t\t\t<\/div>\n\t\t\t\t<div class=\"elementor-element elementor-element-4a4786ae elementor-widget elementor-widget-counter\" data-id=\"4a4786ae\" data-element_type=\"widget\" data-widget_type=\"counter.default\">\n\t\t\t\t<div class=\"elementor-widget-container\">\n\t\t\t\t\t<div class=\"elementor-counter\">\n\t\t\t<div class=\"elementor-counter-title\">Voluntarios<\/div>\t\t\t<div class=\"elementor-counter-number-wrapper\">\n\t\t\t\t<span class=\"elementor-counter-number-prefix\"><\/span>\n\t\t\t\t<span class=\"elementor-counter-number\" data-duration=\"3000\" data-to-value=\"100\" data-from-value=\"0\" data-delimiter=\",\">0<\/span>\n\t\t\t\t<span class=\"elementor-counter-number-suffix\">+<\/span>\n\t\t\t<\/div>\n\t\t<\/div>\n\t\t\t\t<\/div>\n\t\t\t\t<\/div>\n\t\t\t\t\t<\/div>\n\t\t<\/div>\n\t\t\t\t<div class=\"elementor-column elementor-col-33 elementor-inner-column elementor-element elementor-element-5131f9af charihope-counter\" data-id=\"5131f9af\" data-element_type=\"column\">\n\t\t\t<div class=\"elementor-widget-wrap elementor-element-populated\">\n\t\t\t\t\t\t<div class=\"elementor-element elementor-element-75afbce0 elementor-widget elementor-widget-ova_icon\" data-id=\"75afbce0\" data-element_type=\"widget\" data-widget_type=\"ova_icon.default\">\n\t\t\t\t<div class=\"elementor-widget-container\">\n\t\t\t\t\t<div class=\"ova-icon\">\n\t\t\t\t\t\t<i class=\"flaticon-helping\"><\/i>\n\t\t\t\n\t\t\t\t\t<\/div>\n\t\t\t\t<\/div>\n\t\t\t\t<\/div>\n\t\t\t\t<div class=\"elementor-element elementor-element-7c6a7022 elementor-widget elementor-widget-counter\" data-id=\"7c6a7022\" data-element_type=\"widget\" data-widget_type=\"counter.default\">\n\t\t\t\t<div class=\"elementor-widget-container\">\n\t\t\t\t\t<div class=\"elementor-counter\">\n\t\t\t<div class=\"elementor-counter-title\">Donaciones en 2024<\/div>\t\t\t<div class=\"elementor-counter-number-wrapper\">\n\t\t\t\t<span class=\"elementor-counter-number-prefix\">$<\/span>\n\t\t\t\t<span class=\"elementor-counter-number\" data-duration=\"3000\" data-to-value=\"10000\" data-from-value=\"0\">0<\/span>\n\t\t\t\t<span class=\"elementor-counter-number-suffix\">+<\/span>\n\t\t\t<\/div>\n\t\t<\/div>\n\t\t\t\t<\/div>\n\t\t\t\t<\/div>\n\t\t\t\t\t<\/div>\n\t\t<\/div>\n\t\t\t\t<div class=\"elementor-column elementor-col-33 elementor-inner-column elementor-element elementor-element-7c2f168b charihope-counter\" data-id=\"7c2f168b\" data-element_type=\"column\">\n\t\t\t<div class=\"elementor-widget-wrap elementor-element-populated\">\n\t\t\t\t\t\t<div class=\"elementor-element elementor-element-7850fde5 elementor-widget elementor-widget-ova_icon\" data-id=\"7850fde5\" data-element_type=\"widget\" data-widget_type=\"ova_icon.default\">\n\t\t\t\t<div class=\"elementor-widget-container\">\n\t\t\t\t\t<div class=\"ova-icon\">\n\t\t\t\t\t\t<i class=\"flaticon-worldwide-donation\"><\/i>\n\t\t\t\n\t\t\t\t\t<\/div>\n\t\t\t\t<\/div>\n\t\t\t\t<\/div>\n\t\t\t\t<div class=\"elementor-element elementor-element-5341babb elementor-widget elementor-widget-counter\" data-id=\"5341babb\" data-element_type=\"widget\" data-widget_type=\"counter.default\">\n\t\t\t\t<div class=\"elementor-widget-container\">\n\t\t\t\t\t<div class=\"elementor-counter\">\n\t\t\t<div class=\"elementor-counter-title\">Campa\u00f1as<\/div>\t\t\t<div class=\"elementor-counter-number-wrapper\">\n\t\t\t\t<span class=\"elementor-counter-number-prefix\"><\/span>\n\t\t\t\t<span class=\"elementor-counter-number\" data-duration=\"3000\" data-to-value=\"50\" data-from-value=\"0\" data-delimiter=\",\">0<\/span>\n\t\t\t\t<span class=\"elementor-counter-number-suffix\">+<\/span>\n\t\t\t<\/div>\n\t\t<\/div>\n\t\t\t\t<\/div>\n\t\t\t\t<\/div>\n\t\t\t\t\t<\/div>\n\t\t<\/div>\n\t\t\t\t\t<\/div>\n\t\t<\/section>\n\t\t\t\t\t<\/div>\n\t\t<\/div>\n\t\t\t\t\t<\/div>\n\t\t<\/section>\n\t\t<div class=\"elementor-element elementor-element-2ef7b64a elementor-hidden-desktop elementor-hidden-tablet e-flex e-con-boxed e-con e-parent\" data-id=\"2ef7b64a\" data-element_type=\"container\">\n\t\t\t\t\t<div class=\"e-con-inner\">\n\t\t\t\t<div class=\"elementor-element elementor-element-33e90068 elementor-widget elementor-widget-ova_heading\" data-id=\"33e90068\" data-element_type=\"widget\" data-widget_type=\"ova_heading.default\">\n\t\t\t\t<div class=\"elementor-widget-container\">\n\t\t\t\t\t<div class=\"ova-heading version_1\">\n\t\t\t\t\t\t\t\t\t\t<h3 class=\"heading-title second_font\">Conoce a Nuestros Voluntarios<\/h3>\n\t\t\t\t\t\t\t\t\t\t<div class=\"content\">\n\t\t\t\t\t<p>\"Personas comprometidas que inspiran, ayudan y transforman comunidades con pasi\u00f3n y solidaridad.\"<\/p>\t\t\t\t<\/div>\n\t\t\t\t\t<\/div>\n\t\t\t\t<\/div>\n\t\t\t\t<\/div>\n\t\t<div class=\"elementor-element elementor-element-552a1f1c e-grid e-con-full e-con e-child\" data-id=\"552a1f1c\" data-element_type=\"container\">\n\t\t\t\t<div class=\"elementor-element elementor-element-612f21b9 elementor-widget elementor-widget-elementskit-team\" data-id=\"612f21b9\" data-element_type=\"widget\" data-settings=\"{&quot;_animation_tablet&quot;:&quot;none&quot;}\" data-widget_type=\"elementskit-team.default\">\n\t\t\t\t<div class=\"elementor-widget-container\">\n\t\t\t<div class=\"ekit-wid-con\">\n\t\t\t\t\t\t\t\t\t\t\t\t\t\t\t\t\t\t\t\t\t\t\t\t<div class=\"profile-image-card elementor-animation- ekit-team-img ekit-team-style-overlay text-center\">\n\n\t\t\t\t\t\t\t\t\t\t\t\t\t<img decoding=\"async\" width=\"1024\" height=\"1024\" src=\"https:\/\/renacerboliviano.org\/wp-content\/uploads\/2025\/02\/NataliaSalinasVolunteer-1-1024x1024.jpg\" class=\"attachment-large size-large wp-image-4580\" alt=\"\" srcset=\"https:\/\/renacerboliviano.org\/wp-content\/uploads\/2025\/02\/NataliaSalinasVolunteer-1-1024x1024.jpg 1024w, https:\/\/renacerboliviano.org\/wp-content\/uploads\/2025\/02\/NataliaSalinasVolunteer-1-300x300.jpg 300w, https:\/\/renacerboliviano.org\/wp-content\/uploads\/2025\/02\/NataliaSalinasVolunteer-1-150x150.jpg 150w, https:\/\/renacerboliviano.org\/wp-content\/uploads\/2025\/02\/NataliaSalinasVolunteer-1-768x768.jpg 768w, https:\/\/renacerboliviano.org\/wp-content\/uploads\/2025\/02\/NataliaSalinasVolunteer-1-600x600.jpg 600w, https:\/\/renacerboliviano.org\/wp-content\/uploads\/2025\/02\/NataliaSalinasVolunteer-1-100x100.jpg 100w, https:\/\/renacerboliviano.org\/wp-content\/uploads\/2025\/02\/NataliaSalinasVolunteer-1.jpg 1100w\" sizes=\"(max-width: 1024px) 100vw, 1024px\" \/>\t\t\t\t\t\t\t\t\t\t\t\t<div class=\"hover-area\">\n\t\t\t\t\t\t\t<div class=\"profile-body\">\n\t\t\t\t\t\t\t\t<h2 class=\"profile-title\">\n\t\t\t\t\t\t\t\t\t\t\t\t\t\t\t\t\t<a aria-label=\"profile\" href=\"javascript:void(0)\" data-mfp-src=\"#ekit_team_modal_612f21b9_3860\" class=\"ekit-team-popup\">\n\t\t\t\t\t\t\t\t\tNatalia Salinas\t\t\t\t\t\t\t\t\t<\/a>\n\t\t\t\t\t\t\t\t\t\t\t\t\t\t\t\t\t<\/h2>\n\t\t\t\t\t\t\t\t<p class=\"profile-designation\">Voluntarios<\/p>\n\t\t\t\t\t\t\t\t\t\t\t\t\t\t\t<\/div>\n\t\t\t\t\t\t\t\t\t\t\t\t\t<\/div>\n\t\t\t\t\t<\/div>\n\t\t\t\t\t\n\t\t\t\t\n\t\t\t\t\t<div class=\"zoom-anim-dialog mfp-hide elementskit-team-popup team-popup-id-612f21b9\" id=\"ekit_team_modal_612f21b9_3860\" tabindex=\"-1\" role=\"dialog\" aria-hidden=\"true\">\n\t\t\t\t<div class=\"modal-dialog modal-dialog-centered\" role=\"document\">\n\t\t\t\t\t<div class=\"modal-content\">\n\t\t\t\t\t\t<button type=\"button\" class=\"ekit-team-modal-close\">\n\t\t\t\t\t\t\t<svg aria-hidden=\"true\" class=\"e-font-icon-svg e-fas-times\" viewbox=\"0 0 352 512\" xmlns=\"http:\/\/www.w3.org\/2000\/svg\"><path d=\"M242.72 256l100.07-100.07c12.28-12.28 12.28-32.19 0-44.48l-22.24-22.24c-12.28-12.28-32.19-12.28-44.48 0L176 189.28 75.93 89.21c-12.28-12.28-32.19-12.28-44.48 0L9.21 111.45c-12.28 12.28-12.28 32.19 0 44.48L109.28 256 9.21 356.07c-12.28 12.28-12.28 32.19 0 44.48l22.24 22.24c12.28 12.28 32.2 12.28 44.48 0L176 322.72l100.07 100.07c12.28 12.28 32.2 12.28 44.48 0l22.24-22.24c12.28-12.28 12.28-32.19 0-44.48L242.72 256z\"><\/path><\/svg>\t\t\t\t\t\t<\/button>\n\n\t\t\t\t\t\t<div class=\"modal-body\">\n\t\t\t\t\t\t\t\t\t\t\t\t\t\t\t<div class=\"ekit-team-modal-img\">\n\t\t\t\t\t\t\t\t\t<img decoding=\"async\" width=\"1024\" height=\"1024\" src=\"https:\/\/renacerboliviano.org\/wp-content\/uploads\/2025\/02\/NataliaSalinasVolunteer-1-1024x1024.jpg\" class=\"attachment-large size-large wp-image-4580\" alt=\"\" srcset=\"https:\/\/renacerboliviano.org\/wp-content\/uploads\/2025\/02\/NataliaSalinasVolunteer-1-1024x1024.jpg 1024w, https:\/\/renacerboliviano.org\/wp-content\/uploads\/2025\/02\/NataliaSalinasVolunteer-1-300x300.jpg 300w, https:\/\/renacerboliviano.org\/wp-content\/uploads\/2025\/02\/NataliaSalinasVolunteer-1-150x150.jpg 150w, https:\/\/renacerboliviano.org\/wp-content\/uploads\/2025\/02\/NataliaSalinasVolunteer-1-768x768.jpg 768w, https:\/\/renacerboliviano.org\/wp-content\/uploads\/2025\/02\/NataliaSalinasVolunteer-1-600x600.jpg 600w, https:\/\/renacerboliviano.org\/wp-content\/uploads\/2025\/02\/NataliaSalinasVolunteer-1-100x100.jpg 100w, https:\/\/renacerboliviano.org\/wp-content\/uploads\/2025\/02\/NataliaSalinasVolunteer-1.jpg 1100w\" sizes=\"(max-width: 1024px) 100vw, 1024px\" \/>\t\t\t\t\t\t\t\t<\/div>\n\t\t\t\t\t\t\t\n\t\t\t\t\t\t\t<div class=\"ekit-team-modal-info has-img\">\n\t\t\t\t\t\t\t\t<h2 class=\"ekit-team-modal-title\">Natalia Salinas<\/h2>\n\t\t\t\t\t\t\t\t<p class=\"ekit-team-modal-position\">Voluntarios<\/p>\n\t\t\t\t\t\t\t\t\n\t\t\t\t\t\t\t\t<div class=\"ekit-team-modal-content\">\n\t\t\t\t\t\t\t\t\tHi! I'm Natalia and as you can tell from the picture, I am from Oruro, and you don't see me singing and dancing in Oruro's Carnival, you will certainly catch me in Chicago being part of as many activities as possible with Renacer Boliviano (RB). I'm very pleased to say that RB has trusted me to help with choreographies, presentations, contribute with ideas for different events, and they have specially given me the opportunity to not only share our beautiful Bolivian culture, but to be able to reach the goal of helping the people who need the most in our country. To be Bolivian is a big pride for me, and even more so when I know that although I am so far away, with my love and time I can give back a little bit of everything that Bolivia has given me.\t\t\t\t\t\t\t\t<\/div>\n\n\t\t\t\t\t\t\t\t\t\t\t\t\t\t\t\t\n\t\t\t\t\t\t\t\t\t\t\t\t\t\t\t<\/div>\n\t\t\t\t\t\t<\/div>\n\t\t\t\t\t<\/div>\n\t\t\t\t<\/div>\n\t\t\t<\/div>\n\t\t\t\t<\/div>\t\t<\/div>\n\t\t\t\t<\/div>\n\t\t\t\t<div class=\"elementor-element elementor-element-5ecec6ad elementor-widget elementor-widget-elementskit-team\" data-id=\"5ecec6ad\" data-element_type=\"widget\" data-widget_type=\"elementskit-team.default\">\n\t\t\t\t<div class=\"elementor-widget-container\">\n\t\t\t<div class=\"ekit-wid-con\">\n\t\t\t\t\t\t\t\t\t\t\t\t\t\t\t\t\t\t\t\t\t\t\t\t<div class=\"profile-image-card elementor-animation- ekit-team-img ekit-team-style-overlay text-center\">\n\n\t\t\t\t\t\t\t\t\t\t\t\t\t<img decoding=\"async\" width=\"1024\" height=\"1024\" src=\"https:\/\/renacerboliviano.org\/wp-content\/uploads\/2025\/02\/SilviaOneillOp-1024x1024.jpg\" class=\"attachment-large size-large wp-image-4578\" alt=\"\" srcset=\"https:\/\/renacerboliviano.org\/wp-content\/uploads\/2025\/02\/SilviaOneillOp-1024x1024.jpg 1024w, https:\/\/renacerboliviano.org\/wp-content\/uploads\/2025\/02\/SilviaOneillOp-300x300.jpg 300w, https:\/\/renacerboliviano.org\/wp-content\/uploads\/2025\/02\/SilviaOneillOp-150x150.jpg 150w, https:\/\/renacerboliviano.org\/wp-content\/uploads\/2025\/02\/SilviaOneillOp-768x768.jpg 768w, https:\/\/renacerboliviano.org\/wp-content\/uploads\/2025\/02\/SilviaOneillOp-600x600.jpg 600w, https:\/\/renacerboliviano.org\/wp-content\/uploads\/2025\/02\/SilviaOneillOp-100x100.jpg 100w, https:\/\/renacerboliviano.org\/wp-content\/uploads\/2025\/02\/SilviaOneillOp.jpg 1100w\" sizes=\"(max-width: 1024px) 100vw, 1024px\" \/>\t\t\t\t\t\t\t\t\t\t\t\t<div class=\"hover-area\">\n\t\t\t\t\t\t\t<div class=\"profile-body\">\n\t\t\t\t\t\t\t\t<h2 class=\"profile-title\">\n\t\t\t\t\t\t\t\t\t\t\t\t\t\t\t\t\t<a aria-label=\"profile\" href=\"javascript:void(0)\" data-mfp-src=\"#ekit_team_modal_5ecec6ad_3860\" class=\"ekit-team-popup\">\n\t\t\t\t\t\t\t\t\tSilvia Oneill \t\t\t\t\t\t\t\t\t<\/a>\n\t\t\t\t\t\t\t\t\t\t\t\t\t\t\t\t\t<\/h2>\n\t\t\t\t\t\t\t\t<p class=\"profile-designation\">Voluntarios<\/p>\n\t\t\t\t\t\t\t\t\t\t\t\t\t\t\t<\/div>\n\t\t\t\t\t\t\t\t\t\t\t\t\t<\/div>\n\t\t\t\t\t<\/div>\n\t\t\t\t\t\n\t\t\t\t\n\t\t\t\t\t<div class=\"zoom-anim-dialog mfp-hide elementskit-team-popup team-popup-id-5ecec6ad\" id=\"ekit_team_modal_5ecec6ad_3860\" tabindex=\"-1\" role=\"dialog\" aria-hidden=\"true\">\n\t\t\t\t<div class=\"modal-dialog modal-dialog-centered\" role=\"document\">\n\t\t\t\t\t<div class=\"modal-content\">\n\t\t\t\t\t\t<button type=\"button\" class=\"ekit-team-modal-close\">\n\t\t\t\t\t\t\t<svg aria-hidden=\"true\" class=\"e-font-icon-svg e-fas-times\" viewbox=\"0 0 352 512\" xmlns=\"http:\/\/www.w3.org\/2000\/svg\"><path d=\"M242.72 256l100.07-100.07c12.28-12.28 12.28-32.19 0-44.48l-22.24-22.24c-12.28-12.28-32.19-12.28-44.48 0L176 189.28 75.93 89.21c-12.28-12.28-32.19-12.28-44.48 0L9.21 111.45c-12.28 12.28-12.28 32.19 0 44.48L109.28 256 9.21 356.07c-12.28 12.28-12.28 32.19 0 44.48l22.24 22.24c12.28 12.28 32.2 12.28 44.48 0L176 322.72l100.07 100.07c12.28 12.28 32.2 12.28 44.48 0l22.24-22.24c12.28-12.28 12.28-32.19 0-44.48L242.72 256z\"><\/path><\/svg>\t\t\t\t\t\t<\/button>\n\n\t\t\t\t\t\t<div class=\"modal-body\">\n\t\t\t\t\t\t\t\t\t\t\t\t\t\t\t<div class=\"ekit-team-modal-img\">\n\t\t\t\t\t\t\t\t\t<img decoding=\"async\" width=\"1024\" height=\"1024\" src=\"https:\/\/renacerboliviano.org\/wp-content\/uploads\/2025\/02\/SilviaOneillOp-1024x1024.jpg\" class=\"attachment-large size-large wp-image-4578\" alt=\"\" srcset=\"https:\/\/renacerboliviano.org\/wp-content\/uploads\/2025\/02\/SilviaOneillOp-1024x1024.jpg 1024w, https:\/\/renacerboliviano.org\/wp-content\/uploads\/2025\/02\/SilviaOneillOp-300x300.jpg 300w, https:\/\/renacerboliviano.org\/wp-content\/uploads\/2025\/02\/SilviaOneillOp-150x150.jpg 150w, https:\/\/renacerboliviano.org\/wp-content\/uploads\/2025\/02\/SilviaOneillOp-768x768.jpg 768w, https:\/\/renacerboliviano.org\/wp-content\/uploads\/2025\/02\/SilviaOneillOp-600x600.jpg 600w, https:\/\/renacerboliviano.org\/wp-content\/uploads\/2025\/02\/SilviaOneillOp-100x100.jpg 100w, https:\/\/renacerboliviano.org\/wp-content\/uploads\/2025\/02\/SilviaOneillOp.jpg 1100w\" sizes=\"(max-width: 1024px) 100vw, 1024px\" \/>\t\t\t\t\t\t\t\t<\/div>\n\t\t\t\t\t\t\t\n\t\t\t\t\t\t\t<div class=\"ekit-team-modal-info has-img\">\n\t\t\t\t\t\t\t\t<h2 class=\"ekit-team-modal-title\">Silvia Oneill <\/h2>\n\t\t\t\t\t\t\t\t<p class=\"ekit-team-modal-position\">Voluntarios<\/p>\n\t\t\t\t\t\t\t\t\n\t\t\t\t\t\t\t\t<div class=\"ekit-team-modal-content\">\n\t\t\t\t\t\t\t\t\tUn d\u00eda partimos de Bolivia, buscando nuevas oportunidades o quiz\u00e1s nuevas experiencias; en cualquier caso, nos alejamos de nuestro amado pa\u00eds, pero sin olvidarlo y llev\u00e1ndolo en el coraz\u00f3n.\n\nEncontrar con compatriotas bolivianos llena nuevamente nuestra alma y m\u00e1s a\u00fan cuando se comparte la cultura y la tradici\u00f3n, mostrando as\u00ed a todos lo hermosa que es nuestra Bolivia.\n\nRenacer Boliviano fue el lugar donde encontr\u00e9 no solo la calidez de mi gente boliviana, sino tambi\u00e9n un lugar donde, con sus actividades ben\u00e9ficas, podemos ayudar a las personas necesitadas en Bolivia.\t\t\t\t\t\t\t\t<\/div>\n\n\t\t\t\t\t\t\t\t\t\t\t\t\t\t\t\t\n\t\t\t\t\t\t\t\t\t\t\t\t\t\t\t<\/div>\n\t\t\t\t\t\t<\/div>\n\t\t\t\t\t<\/div>\n\t\t\t\t<\/div>\n\t\t\t<\/div>\n\t\t\t\t<\/div>\t\t<\/div>\n\t\t\t\t<\/div>\n\t\t\t\t<div class=\"elementor-element elementor-element-6ab89324 elementor-widget elementor-widget-elementskit-team\" data-id=\"6ab89324\" data-element_type=\"widget\" data-widget_type=\"elementskit-team.default\">\n\t\t\t\t<div class=\"elementor-widget-container\">\n\t\t\t<div class=\"ekit-wid-con\">\n\t\t\t\t\t\t\t\t\t\t\t\t\t\t\t\t\t\t\t\t\t\t\t\t<div class=\"profile-image-card elementor-animation- ekit-team-img ekit-team-style-overlay text-center\">\n\n\t\t\t\t\t\t\t\t\t\t\t\t\t<img loading=\"lazy\" decoding=\"async\" width=\"1024\" height=\"1024\" src=\"https:\/\/renacerboliviano.org\/wp-content\/uploads\/2025\/02\/Clovis-MenesesOp-1024x1024.jpg\" class=\"attachment-large size-large wp-image-4577\" alt=\"\" srcset=\"https:\/\/renacerboliviano.org\/wp-content\/uploads\/2025\/02\/Clovis-MenesesOp-1024x1024.jpg 1024w, https:\/\/renacerboliviano.org\/wp-content\/uploads\/2025\/02\/Clovis-MenesesOp-300x300.jpg 300w, https:\/\/renacerboliviano.org\/wp-content\/uploads\/2025\/02\/Clovis-MenesesOp-150x150.jpg 150w, https:\/\/renacerboliviano.org\/wp-content\/uploads\/2025\/02\/Clovis-MenesesOp-768x768.jpg 768w, https:\/\/renacerboliviano.org\/wp-content\/uploads\/2025\/02\/Clovis-MenesesOp-600x600.jpg 600w, https:\/\/renacerboliviano.org\/wp-content\/uploads\/2025\/02\/Clovis-MenesesOp-100x100.jpg 100w, https:\/\/renacerboliviano.org\/wp-content\/uploads\/2025\/02\/Clovis-MenesesOp.jpg 1100w\" sizes=\"(max-width: 1024px) 100vw, 1024px\" \/>\t\t\t\t\t\t\t\t\t\t\t\t<div class=\"hover-area\">\n\t\t\t\t\t\t\t<div class=\"profile-body\">\n\t\t\t\t\t\t\t\t<h2 class=\"profile-title\">\n\t\t\t\t\t\t\t\t\t\t\t\t\t\t\t\t\t<a aria-label=\"profile\" href=\"javascript:void(0)\" data-mfp-src=\"#ekit_team_modal_6ab89324_3860\" class=\"ekit-team-popup\">\n\t\t\t\t\t\t\t\t\tClovis Meneses\t\t\t\t\t\t\t\t\t<\/a>\n\t\t\t\t\t\t\t\t\t\t\t\t\t\t\t\t\t<\/h2>\n\t\t\t\t\t\t\t\t<p class=\"profile-designation\">Voluntarios<\/p>\n\t\t\t\t\t\t\t\t\t\t\t\t\t\t\t<\/div>\n\t\t\t\t\t\t\t\t\t\t\t\t\t<\/div>\n\t\t\t\t\t<\/div>\n\t\t\t\t\t\n\t\t\t\t\n\t\t\t\t\t<div class=\"zoom-anim-dialog mfp-hide elementskit-team-popup team-popup-id-6ab89324\" id=\"ekit_team_modal_6ab89324_3860\" tabindex=\"-1\" role=\"dialog\" aria-hidden=\"true\">\n\t\t\t\t<div class=\"modal-dialog modal-dialog-centered\" role=\"document\">\n\t\t\t\t\t<div class=\"modal-content\">\n\t\t\t\t\t\t<button type=\"button\" class=\"ekit-team-modal-close\">\n\t\t\t\t\t\t\t<svg aria-hidden=\"true\" class=\"e-font-icon-svg e-fas-times\" viewbox=\"0 0 352 512\" xmlns=\"http:\/\/www.w3.org\/2000\/svg\"><path d=\"M242.72 256l100.07-100.07c12.28-12.28 12.28-32.19 0-44.48l-22.24-22.24c-12.28-12.28-32.19-12.28-44.48 0L176 189.28 75.93 89.21c-12.28-12.28-32.19-12.28-44.48 0L9.21 111.45c-12.28 12.28-12.28 32.19 0 44.48L109.28 256 9.21 356.07c-12.28 12.28-12.28 32.19 0 44.48l22.24 22.24c12.28 12.28 32.2 12.28 44.48 0L176 322.72l100.07 100.07c12.28 12.28 32.2 12.28 44.48 0l22.24-22.24c12.28-12.28 12.28-32.19 0-44.48L242.72 256z\"><\/path><\/svg>\t\t\t\t\t\t<\/button>\n\n\t\t\t\t\t\t<div class=\"modal-body\">\n\t\t\t\t\t\t\t\t\t\t\t\t\t\t\t<div class=\"ekit-team-modal-img\">\n\t\t\t\t\t\t\t\t\t<img loading=\"lazy\" decoding=\"async\" width=\"1024\" height=\"1024\" src=\"https:\/\/renacerboliviano.org\/wp-content\/uploads\/2025\/02\/Clovis-MenesesOp-1024x1024.jpg\" class=\"attachment-large size-large wp-image-4577\" alt=\"\" srcset=\"https:\/\/renacerboliviano.org\/wp-content\/uploads\/2025\/02\/Clovis-MenesesOp-1024x1024.jpg 1024w, https:\/\/renacerboliviano.org\/wp-content\/uploads\/2025\/02\/Clovis-MenesesOp-300x300.jpg 300w, https:\/\/renacerboliviano.org\/wp-content\/uploads\/2025\/02\/Clovis-MenesesOp-150x150.jpg 150w, https:\/\/renacerboliviano.org\/wp-content\/uploads\/2025\/02\/Clovis-MenesesOp-768x768.jpg 768w, https:\/\/renacerboliviano.org\/wp-content\/uploads\/2025\/02\/Clovis-MenesesOp-600x600.jpg 600w, https:\/\/renacerboliviano.org\/wp-content\/uploads\/2025\/02\/Clovis-MenesesOp-100x100.jpg 100w, https:\/\/renacerboliviano.org\/wp-content\/uploads\/2025\/02\/Clovis-MenesesOp.jpg 1100w\" sizes=\"(max-width: 1024px) 100vw, 1024px\" \/>\t\t\t\t\t\t\t\t<\/div>\n\t\t\t\t\t\t\t\n\t\t\t\t\t\t\t<div class=\"ekit-team-modal-info has-img\">\n\t\t\t\t\t\t\t\t<h2 class=\"ekit-team-modal-title\">Clovis Meneses<\/h2>\n\t\t\t\t\t\t\t\t<p class=\"ekit-team-modal-position\">Voluntarios<\/p>\n\t\t\t\t\t\t\t\t\n\t\t\t\t\t\t\t\t<div class=\"ekit-team-modal-content\">\n\t\t\t\t\t\t\t\t\tI was born in Oruro, but I grew up in that beautiful land that is characterized by its climate and delicious gastronomy. That's right, I come from \"La Llajta\".\nAlmost 25 years ago, fate brought me to the land of Lincoln where I put down roots and raised a family with my wife Jennifer. Time blessed us with 2 beautiful children.\nIt is said that \"no one is a prophet in his own land\", and I am an example of this. One of my great passions is dance, but this \"cochalo\" at heart did not dance any traditional dance in his homeland, and today it has been more than 20 years that I have been promoting our beautiful Bolivian folk dances in this North American land. With the group \u0301Sentimiento Boliviano \u0301 I learned to dance Tinku, Tobas, Morenada, Taquirari and my favorite Bolivian dance, the Caporal. When \u0301Sentimiento Boliviano \u0301ceased its existence, \u0301Renacer Boliviano \u0301 gave me the opportunity to continue with this passion. The most important thing is that I do it together with my two children. With them we participated year after year in the parades of July 4 and the great event of Thanksgiving Day in Chicago. What I love about \u0301Renacer Boliviano \u0301 is that it not only promotes Bolivian dances but also holds fraternization events for Bolivians and raises money to help institutions in Bolivia with various donations. I invite those who like to dance to join us to enjoy this beautiful passion and at the same time contribute to noble causes in Bolivia.\t\t\t\t\t\t\t\t<\/div>\n\n\t\t\t\t\t\t\t\t\t\t\t\t\t\t\t\t\n\t\t\t\t\t\t\t\t\t\t\t\t\t\t\t<\/div>\n\t\t\t\t\t\t<\/div>\n\t\t\t\t\t<\/div>\n\t\t\t\t<\/div>\n\t\t\t<\/div>\n\t\t\t\t<\/div>\t\t<\/div>\n\t\t\t\t<\/div>\n\t\t\t\t<\/div>\n\t\t\t\t\t<\/div>\n\t\t\t\t<\/div>\n\t\t\t\t<section class=\"elementor-section elementor-top-section elementor-element elementor-element-76e61233 elementor-hidden-mobile elementor-section-boxed elementor-section-height-default elementor-section-height-default\" data-id=\"76e61233\" data-element_type=\"section\">\n\t\t\t\t\t\t<div class=\"elementor-container elementor-column-gap-no\">\n\t\t\t\t\t<div class=\"elementor-column elementor-col-100 elementor-top-column elementor-element elementor-element-12e35b3d\" data-id=\"12e35b3d\" data-element_type=\"column\">\n\t\t\t<div class=\"elementor-widget-wrap elementor-element-populated\">\n\t\t\t\t\t\t<div class=\"elementor-element elementor-element-10275845 elementor-widget elementor-widget-ova_heading\" data-id=\"10275845\" data-element_type=\"widget\" data-widget_type=\"ova_heading.default\">\n\t\t\t\t<div class=\"elementor-widget-container\">\n\t\t\t\t\t<div class=\"ova-heading version_1\">\n\t\t\t\t\t\t\t\t\t\t<h3 class=\"heading-title second_font\">Conoce a Nuestros Voluntarios<\/h3>\n\t\t\t\t\t\t\t\t\t\t<div class=\"content\">\n\t\t\t\t\t<p>\"Personas comprometidas que inspiran, ayudan y transforman comunidades con pasi\u00f3n y solidaridad.\"<\/p>\t\t\t\t<\/div>\n\t\t\t\t\t<\/div>\n\t\t\t\t<\/div>\n\t\t\t\t<\/div>\n\t\t\t\t<section class=\"elementor-section elementor-inner-section elementor-element elementor-element-17582902 elementor-section-boxed elementor-section-height-default elementor-section-height-default\" data-id=\"17582902\" data-element_type=\"section\">\n\t\t\t\t\t\t<div class=\"elementor-container elementor-column-gap-default\">\n\t\t\t\t\t<div class=\"elementor-column elementor-col-33 elementor-inner-column elementor-element elementor-element-1e315336\" data-id=\"1e315336\" data-element_type=\"column\">\n\t\t\t<div class=\"elementor-widget-wrap elementor-element-populated\">\n\t\t\t\t\t\t<div class=\"elementor-element elementor-element-37e55395 elementor-widget elementor-widget-ova_volunteer\" data-id=\"37e55395\" data-element_type=\"widget\" data-widget_type=\"ova_volunteer.default\">\n\t\t\t\t<div class=\"elementor-widget-container\">\n\t\t\t\t\t<div class=\"ova-volunteer\">\n\t\t\t<div class=\"ova-media pop-media\">\n\t\t\t\t<img decoding=\"async\" src=\"https:\/\/renacerboliviano.org\/wp-content\/uploads\/2025\/02\/NataliaSalinasVolunteer-1.jpg\" alt=\"Natalia Salinas\">\n\t\t\t\t\t\t\t<\/div>\n\t\t\t<div class=\"ova-content\">\n\t\t\t\t\t\t\t\t\t<h3 class=\"name second_font\"><a href=\"#\">Natalia Salinas<\/a><\/h3>\n\t\t\t\t\t\t\t\t\t\t\t\t\t<p class=\"job\">Voluntarios<\/p>\n\t\t\t\t\t\t\t<\/div>\n\t\t\t\n\t\t\t\t\t\t\t<div class=\"popup_volunteer\">\n\t\t\t\t\t\t\t\t\t\t\t<a class=\"view_volunteer\"><i class=\"icon_plus\"><\/i><\/a>\n\t\t\t\t\t\t\t\t\t\t<div class=\"content_popup\">\n\t\t\t\t\t\t<div class=\"container bgr-popup\">\n\t\t\t\t\t\t\t<span class=\"btn_close icon_close\"><\/span>\n\t\t\t\t\t\t\t<div class=\"row\">\n\t\t\t\t\t\t\t\t<div class=\"col-lg-6\">\n\t\t\t\t\t\t\t\t\t<div class=\"volunteer-popup-img\">\n\t\t\t\t\t\t\t\t\t\t<img decoding=\"async\" src=\"https:\/\/renacerboliviano.org\/wp-content\/uploads\/2025\/02\/NataliaSalinasVolunteer.jpg\" alt=\"Natalia Salinas\">\n\t\t\t\t\t\t\t\t\t<\/div>\n\t\t\t\t\t\t\t\t<\/div>\n\t\t\t\t\t\t\t\t<div class=\"col-lg-6\">\n\t\t\t\t\t\t\t\t\t<div class=\"volunteer-popup-content\">\n\t\t\t\t\t\t\t\t\t\t<h3 class=\"second_font\">Natalia Salinas<\/h3>\n\t\t\t\t\t\t\t\t\t\t<span class=\"job\">Voluntarios<\/span>\n\t\t\t\t\t\t\t\t\t\t<p>\u00a1Hola! Soy Natalia y, como pueden ver en la foto, soy de Oruro, y si no me vieron cantar y bailar en el Carnaval de Oruro, definitivamente me atrapar\u00e1n en Chicago siendo parte de tantas actividades como sea posible con Renacer Boliviano (RB). Me da mucho gusto decir que RB ha confiado en m\u00ed para ayudar con coreograf\u00edas, presentaciones, contribuir con ideas para diferentes eventos, y especialmente me han dado la oportunidad no solo de compartir nuestra hermosa cultura boliviana, sino de poder alcanzar la meta de ayudar a las personas que m\u00e1s necesitan en nuestro pa\u00eds. Ser boliviana es un gran orgullo para m\u00ed, y m\u00e1s a\u00fan cuando s\u00e9 que, aunque est\u00e9 tan lejos, con mi amor y tiempo puedo devolver un poco de todo lo que Bolivia me ha dado.<\/p>\n\t\t\t\t\t\t\t\t\t\t<div class=\"list-con\">\n\t\t\t\t\t\t\t\t\t\t\t<ul>\n\t\t\t\t\t\t\t\t\t\t\t\t\t\t\t\t\t\t\t\t\t\t\t\t\t<li><a target=\"_blank\" ref=\"nofollow\" href=\"#\"><i class=\"\"><\/i><\/a><\/li>\n\t\t\t\t\t\t\t\t\t\t\t\t\t\t\t\t\t\t\t\t\t\t\t<\/ul>\n\t\t\t\t\t\t\t\t\t\t<\/div>\n\t\t\t\t\t\t\t\t\t<\/div>\n\t\t\t\t\t\t\t\t<\/div>\n\t\t\t\t\t\t\t<\/div>\n\t\t\t\t\t\t<\/div>\n\t\t\t\t\t<\/div>\n\t\t\t\t<\/div>\n\t\t\t\t\t<\/div>\n\t\t\t\t<\/div>\n\t\t\t\t<\/div>\n\t\t\t\t\t<\/div>\n\t\t<\/div>\n\t\t\t\t<div class=\"elementor-column elementor-col-33 elementor-inner-column elementor-element elementor-element-20133129\" data-id=\"20133129\" data-element_type=\"column\">\n\t\t\t<div class=\"elementor-widget-wrap elementor-element-populated\">\n\t\t\t\t\t\t<div class=\"elementor-element elementor-element-3426c841 elementor-widget elementor-widget-ova_volunteer\" data-id=\"3426c841\" data-element_type=\"widget\" data-widget_type=\"ova_volunteer.default\">\n\t\t\t\t<div class=\"elementor-widget-container\">\n\t\t\t\t\t<div class=\"ova-volunteer\">\n\t\t\t<div class=\"ova-media pop-media\">\n\t\t\t\t<img decoding=\"async\" src=\"https:\/\/renacerboliviano.org\/wp-content\/uploads\/2025\/02\/SilviaOneillOp.jpg\" alt=\"Silvia Oneill \">\n\t\t\t\t\t\t\t<\/div>\n\t\t\t<div class=\"ova-content\">\n\t\t\t\t\t\t\t\t\t<h3 class=\"name second_font\"><a href=\"#\">Silvia Oneill <\/a><\/h3>\n\t\t\t\t\t\t\t\t\t\t\t\t\t<p class=\"job\">Voluntarios<\/p>\n\t\t\t\t\t\t\t<\/div>\n\t\t\t\n\t\t\t\t\t\t\t<div class=\"popup_volunteer\">\n\t\t\t\t\t\t\t\t\t\t\t<a class=\"view_volunteer\"><i class=\"icon_plus\"><\/i><\/a>\n\t\t\t\t\t\t\t\t\t\t<div class=\"content_popup\">\n\t\t\t\t\t\t<div class=\"container bgr-popup\">\n\t\t\t\t\t\t\t<span class=\"btn_close icon_close\"><\/span>\n\t\t\t\t\t\t\t<div class=\"row\">\n\t\t\t\t\t\t\t\t<div class=\"col-lg-6\">\n\t\t\t\t\t\t\t\t\t<div class=\"volunteer-popup-img\">\n\t\t\t\t\t\t\t\t\t\t<img decoding=\"async\" src=\"https:\/\/renacerboliviano.org\/wp-content\/uploads\/2025\/02\/SilviaOneill.jpeg\" alt=\"Silvia Oneill \">\n\t\t\t\t\t\t\t\t\t<\/div>\n\t\t\t\t\t\t\t\t<\/div>\n\t\t\t\t\t\t\t\t<div class=\"col-lg-6\">\n\t\t\t\t\t\t\t\t\t<div class=\"volunteer-popup-content\">\n\t\t\t\t\t\t\t\t\t\t<h3 class=\"second_font\">Silvia Oneill <\/h3>\n\t\t\t\t\t\t\t\t\t\t<span class=\"job\">Voluntarios<\/span>\n\t\t\t\t\t\t\t\t\t\t<p>Un d\u00eda partimos de Bolivia, buscando nuevas oportunidades o quiz\u00e1s nuevas experiencias; en cualquier caso, nos alejamos de nuestro amado pa\u00eds, pero sin olvidarlo y llev\u00e1ndolo en el coraz\u00f3n.\n\nEncontrar con compatriotas bolivianos llena nuevamente nuestra alma y m\u00e1s a\u00fan cuando se comparte la cultura y la tradici\u00f3n, mostrando as\u00ed a todos lo hermosa que es nuestra Bolivia.\n\nRenacer Boliviano fue el lugar donde encontr\u00e9 no solo la calidez de mi gente boliviana, sino tambi\u00e9n un lugar donde, con sus actividades ben\u00e9ficas, podemos ayudar a las personas necesitadas en Bolivia.\n<\/p>\n\t\t\t\t\t\t\t\t\t\t<div class=\"list-con\">\n\t\t\t\t\t\t\t\t\t\t\t<ul>\n\t\t\t\t\t\t\t\t\t\t\t\t\t\t\t\t\t\t\t\t\t\t\t\t\t<li><a target=\"_blank\" ref=\"nofollow\" href=\"#\"><i class=\"\"><\/i><\/a><\/li>\n\t\t\t\t\t\t\t\t\t\t\t\t\t\t\t\t\t\t\t\t\t\t\t<\/ul>\n\t\t\t\t\t\t\t\t\t\t<\/div>\n\t\t\t\t\t\t\t\t\t<\/div>\n\t\t\t\t\t\t\t\t<\/div>\n\t\t\t\t\t\t\t<\/div>\n\t\t\t\t\t\t<\/div>\n\t\t\t\t\t<\/div>\n\t\t\t\t<\/div>\n\t\t\t\t\t<\/div>\n\t\t\t\t<\/div>\n\t\t\t\t<\/div>\n\t\t\t\t\t<\/div>\n\t\t<\/div>\n\t\t\t\t<div class=\"elementor-column elementor-col-33 elementor-inner-column elementor-element elementor-element-3b985efb\" data-id=\"3b985efb\" data-element_type=\"column\">\n\t\t\t<div class=\"elementor-widget-wrap elementor-element-populated\">\n\t\t\t\t\t\t<div class=\"elementor-element elementor-element-2e0eda4 elementor-widget elementor-widget-ova_volunteer\" data-id=\"2e0eda4\" data-element_type=\"widget\" data-widget_type=\"ova_volunteer.default\">\n\t\t\t\t<div class=\"elementor-widget-container\">\n\t\t\t\t\t<div class=\"ova-volunteer\">\n\t\t\t<div class=\"ova-media pop-media\">\n\t\t\t\t<img decoding=\"async\" src=\"https:\/\/renacerboliviano.org\/wp-content\/uploads\/2025\/02\/Clovis-MenesesOp.jpg\" alt=\"Clovis Meneses\">\n\t\t\t\t\t\t\t<\/div>\n\t\t\t<div class=\"ova-content\">\n\t\t\t\t\t\t\t\t\t<h3 class=\"name second_font\"><a href=\"#\">Clovis Meneses<\/a><\/h3>\n\t\t\t\t\t\t\t\t\t\t\t\t\t<p class=\"job\">Voluntarios<\/p>\n\t\t\t\t\t\t\t<\/div>\n\t\t\t\n\t\t\t\t\t\t\t<div class=\"popup_volunteer\">\n\t\t\t\t\t\t\t\t\t\t\t<a class=\"view_volunteer\"><i class=\"icon_plus\"><\/i><\/a>\n\t\t\t\t\t\t\t\t\t\t<div class=\"content_popup\">\n\t\t\t\t\t\t<div class=\"container bgr-popup\">\n\t\t\t\t\t\t\t<span class=\"btn_close icon_close\"><\/span>\n\t\t\t\t\t\t\t<div class=\"row\">\n\t\t\t\t\t\t\t\t<div class=\"col-lg-6\">\n\t\t\t\t\t\t\t\t\t<div class=\"volunteer-popup-img\">\n\t\t\t\t\t\t\t\t\t\t<img decoding=\"async\" src=\"https:\/\/renacerboliviano.org\/wp-content\/uploads\/2025\/02\/Clovis-Meneses.jpeg\" alt=\"Clovis Meneses\">\n\t\t\t\t\t\t\t\t\t<\/div>\n\t\t\t\t\t\t\t\t<\/div>\n\t\t\t\t\t\t\t\t<div class=\"col-lg-6\">\n\t\t\t\t\t\t\t\t\t<div class=\"volunteer-popup-content\">\n\t\t\t\t\t\t\t\t\t\t<h3 class=\"second_font\">Clovis Meneses<\/h3>\n\t\t\t\t\t\t\t\t\t\t<span class=\"job\">Voluntarios<\/span>\n\t\t\t\t\t\t\t\t\t\t<p>Nac\u00ed en Oruro, pero crec\u00ed en esa tierra hermosa que se caracteriza por su clima y su deliciosa gastronom\u00eda. As\u00ed es, soy de \"La Llajta\".\n\nHace casi 25 a\u00f1os, el destino me trajo a la tierra de Lincoln, donde ech\u00e9 ra\u00edces y form\u00e9 una familia con mi esposa Jennifer. El tiempo nos bendijo con 2 hermosos hijos.\n\nSe dice que \"nadie es profeta en su tierra\", y yo soy un ejemplo de ello. Una de mis grandes pasiones es la danza, pero este \"cochalo\" de coraz\u00f3n no bail\u00f3 ninguna danza tradicional en su tierra natal, y hoy llevo m\u00e1s de 20 a\u00f1os promocionando nuestras hermosas danzas folkl\u00f3ricas bolivianas en esta tierra norteamericana. Con el grupo 'Sentimiento Boliviano' aprend\u00ed a bailar Tinku, Tobas, Morenada, Taquirari y mi danza boliviana favorita, el Caporal. Cuando 'Sentimiento Boliviano' dej\u00f3 de existir, 'Renacer Boliviano' me dio la oportunidad de continuar con esta pasi\u00f3n. Lo m\u00e1s importante es que lo hago junto a mis dos hijos. Con ellos participamos a\u00f1o tras a\u00f1o en los desfiles del 4 de julio y el gran evento del D\u00eda de Acci\u00f3n de Gracias en Chicago. Lo que amo de 'Renacer Boliviano' es que no solo promueve las danzas bolivianas, sino que tambi\u00e9n realiza eventos de fraternizaci\u00f3n para bolivianos y recauda dinero para ayudar a instituciones en Bolivia con diversas donaciones. Invito a aquellos a quienes les gusta bailar a unirse a nosotros para disfrutar de esta bella pasi\u00f3n y al mismo tiempo contribuir a causas nobles en Bolivia.<\/p>\n\t\t\t\t\t\t\t\t\t\t<div class=\"list-con\">\n\t\t\t\t\t\t\t\t\t\t\t<ul>\n\t\t\t\t\t\t\t\t\t\t\t\t\t\t\t\t\t\t\t\t\t\t\t\t\t<li><a target=\"_blank\" ref=\"nofollow\" href=\"#\"><i class=\"\"><\/i><\/a><\/li>\n\t\t\t\t\t\t\t\t\t\t\t\t\t\t\t\t\t\t\t\t\t\t\t<\/ul>\n\t\t\t\t\t\t\t\t\t\t<\/div>\n\t\t\t\t\t\t\t\t\t<\/div>\n\t\t\t\t\t\t\t\t<\/div>\n\t\t\t\t\t\t\t<\/div>\n\t\t\t\t\t\t<\/div>\n\t\t\t\t\t<\/div>\n\t\t\t\t<\/div>\n\t\t\t\t\t<\/div>\n\t\t\t\t<\/div>\n\t\t\t\t<\/div>\n\t\t\t\t\t<\/div>\n\t\t<\/div>\n\t\t\t\t\t<\/div>\n\t\t<\/section>\n\t\t\t\t\t<\/div>\n\t\t<\/div>\n\t\t\t\t\t<\/div>\n\t\t<\/section>\n\t\t\t\t<\/div>","protected":false},"excerpt":{"rendered":"<p>Slide 1 &#8220;> Getting StartedSlide 2 &#8220;> Getting StartedSlide 3 &#8220;> Getting Started Narrative We left behind our parents, siblings, grandparents, aunts, uncles, cousins, and friends, seeking opportunities for a better life. Yet, once here, we long for the familiar comforts of home\u2014our beloved foods like picante de pollo, chicharr\u00f3n, cu\u00f1ap\u00e9, majadito, llajua, and salte\u00f1as. [&hellip;]<\/p>","protected":false},"author":1,"featured_media":0,"parent":0,"menu_order":0,"comment_status":"closed","ping_status":"closed","template":"elementor_header_footer","meta":{"footnotes":""},"class_list":["post-3860","page","type-page","status-publish","hentry"],"_links":{"self":[{"href":"https:\/\/renacerboliviano.org\/es\/wp-json\/wp\/v2\/pages\/3860","targetHints":{"allow":["GET"]}}],"collection":[{"href":"https:\/\/renacerboliviano.org\/es\/wp-json\/wp\/v2\/pages"}],"about":[{"href":"https:\/\/renacerboliviano.org\/es\/wp-json\/wp\/v2\/types\/page"}],"author":[{"embeddable":true,"href":"https:\/\/renacerboliviano.org\/es\/wp-json\/wp\/v2\/users\/1"}],"replies":[{"embeddable":true,"href":"https:\/\/renacerboliviano.org\/es\/wp-json\/wp\/v2\/comments?post=3860"}],"version-history":[{"count":185,"href":"https:\/\/renacerboliviano.org\/es\/wp-json\/wp\/v2\/pages\/3860\/revisions"}],"predecessor-version":[{"id":5582,"href":"https:\/\/renacerboliviano.org\/es\/wp-json\/wp\/v2\/pages\/3860\/revisions\/5582"}],"wp:attachment":[{"href":"https:\/\/renacerboliviano.org\/es\/wp-json\/wp\/v2\/media?parent=3860"}],"curies":[{"name":"wp","href":"https:\/\/api.w.org\/{rel}","templated":true}]}}