{"id":1684,"date":"2019-05-03T02:49:17","date_gmt":"2019-05-03T02:49:17","guid":{"rendered":"http:\/\/18.226.17.94\/?page_id=1684"},"modified":"2026-02-23T02:07:42","modified_gmt":"2026-02-23T02:07:42","slug":"events","status":"publish","type":"page","link":"https:\/\/renacerboliviano.org\/es\/events\/","title":{"rendered":"Eventos"},"content":{"rendered":"<div data-elementor-type=\"wp-post\" data-elementor-id=\"1684\" class=\"elementor elementor-1684\">\n\t\t\t\t<div class=\"elementor-element elementor-element-77b236b8 e-flex e-con-boxed e-con e-parent\" data-id=\"77b236b8\" data-element_type=\"container\">\n\t\t\t\t\t<div class=\"e-con-inner\">\n\t\t\t\t<div class=\"elementor-element elementor-element-7fa5d2ad e-n-tabs-mobile elementor-widget elementor-widget-n-tabs\" data-id=\"7fa5d2ad\" data-element_type=\"widget\" data-settings=\"{&quot;horizontal_scroll&quot;:&quot;disable&quot;}\" data-widget_type=\"nested-tabs.default\">\n\t\t\t\t<div class=\"elementor-widget-container\">\n\t\t\t\t\t<div class=\"e-n-tabs\" data-widget-number=\"2141573805\" aria-label=\"Pesta\u00f1as. Abre elementos con Intro o Espacio, ci\u00e9rralos con Escape y navega con las fechas.\" data-no-translation-aria-label=\"\">\n\t\t\t<div class=\"e-n-tabs-heading\" role=\"tablist\">\n\t\t\t\t\t<button id=\"e-n-tab-title-21415738051\" class=\"e-n-tab-title\" aria-selected=\"true\" data-tab-index=\"1\" role=\"tab\" tabindex=\"0\" aria-controls=\"e-n-tab-content-21415738051\" style=\"--n-tabs-title-order: 1;\">\n\t\t\t\t\t\t<span class=\"e-n-tab-title-text\">\n\t\t\t\tEventos\t\t\t<\/span>\n\t\t<\/button>\n\t\t\t\t<button id=\"e-n-tab-title-21415738052\" class=\"e-n-tab-title\" aria-selected=\"false\" data-tab-index=\"2\" role=\"tab\" tabindex=\"-1\" aria-controls=\"e-n-tab-content-21415738052\" style=\"--n-tabs-title-order: 2;\">\n\t\t\t\t\t\t<span class=\"e-n-tab-title-text\">\n\t\t\t\tGrupo de Baile\t\t\t<\/span>\n\t\t<\/button>\n\t\t\t\t<button id=\"e-n-tab-title-21415738053\" class=\"e-n-tab-title\" aria-selected=\"false\" data-tab-index=\"3\" role=\"tab\" tabindex=\"-1\" aria-controls=\"e-n-tab-content-21415738053\" style=\"--n-tabs-title-order: 3;\">\n\t\t\t\t\t\t<span class=\"e-n-tab-title-text\">\n\t\t\t\tDonaciones\t\t\t<\/span>\n\t\t<\/button>\n\t\t\t\t\t<\/div>\n\t\t\t<div class=\"e-n-tabs-content\">\n\t\t\t\t<div id=\"e-n-tab-content-21415738051\" role=\"tabpanel\" aria-labelledby=\"e-n-tab-title-21415738051\" data-tab-index=\"1\" style=\"--n-tabs-title-order: 1;\" class=\"e-active elementor-element elementor-element-60d84bb1 e-con-full e-flex e-con e-child\" data-id=\"60d84bb1\" data-element_type=\"container\">\n\t\t<div class=\"elementor-element elementor-element-3000006 e-flex e-con-boxed e-con e-child\" data-id=\"3000006\" data-element_type=\"container\">\n\t\t\t\t\t<div class=\"e-con-inner\">\n\t\t\t\t<div class=\"elementor-element elementor-element-24da2c0e elementor-widget elementor-widget-ova_events_manager_element\" data-id=\"24da2c0e\" data-element_type=\"widget\" data-widget_type=\"ova_events_manager_element.default\">\n\t\t\t\t<div class=\"elementor-widget-container\">\n\t\t\t\t\t<div class=\"event-element\">\n\t\t\t<div class=\"wrapp-element\">\n\n\t\t\t\t\t\t\t\t\t\t<div class=\"event-post-left\">\n\t\t\t\t\t\t\t<div class=\"inner\" style=\"background: url();\">\n\t\t\t\t\t\t\t\t<a href=\"https:\/\/renacerboliviano.org\/es\/blog\/event\/bolivian-summerfest-2026\/\" title=\"Bolivian Summerfest 2026\" class=\"event-media\"><\/a>\n\t\t\t\t\t\t\t\t<div class=\"event-content\">\n\t\t\t\t\t\t\t\t\t<div class=\"event-info\">\n\t\t\t\t\t\t\t\t\t\t<h3 class=\"second_font\"><a href=\"https:\/\/renacerboliviano.org\/es\/blog\/event\/bolivian-summerfest-2026\/\" title=\"Bolivian Summerfest 2026\">Bolivian Summerfest 2026<\/a><\/h3>\n\t\t\t\t\t\t\t\t\t\t<span>agosto 9, 2026 - Schiller Forest Park, Grove 9. W. Irving Park and Cumberland Ave<\/span>\n\t\t\t\t\t\t\t\t\t<\/div>\n\t\t\t\t\t\t\t\t<\/div>\n\t\t\t\t\t\t\t<\/div>\n\t\t\t\t\t\t<\/div>\t\t\n\t\t\t\t\t\t<div class=\"event-post-right\">\n\t\t\t\t\t\t\t<div class=\"inner\">\n\t\t\t\t\t\t\t\n\t\t\t\t\t\t\t\t\t\t\t\t\t\t\t<div class=\"list_items\">\n\t\t\t\t\t\t\t\t\t<a href=\"https:\/\/renacerboliviano.org\/es\/blog\/event\/independanceday\/\" title=\"200 Years of Bolivia\u2019s Independence\" class=\"event-media\" style=\"background: url(https:\/\/renacerboliviano.org\/wp-content\/uploads\/2025\/08\/4b3c0a20-1109-4706-9e22-1e3373cd9a25-791x1024.jpg);\"><\/a>\n\t\t\t\t\t\t\t\t\t<div class=\"event-content\">\n\t\t\t\t\t\t\t\t\t\t<div class=\"event-info\">\n\t\t\t\t\t\t\t\t\t\t\t<h3 class=\"second_font\"><a href=\"https:\/\/renacerboliviano.org\/es\/blog\/event\/independanceday\/\" title=\"200 Years of Bolivia\u2019s Independence\">200 Years of Bolivia\u2019s Independence<\/a><\/h3>\n\t\t\t\t\t\t\t\t\t\t\t<span>agosto 6, 2025 - <\/span>\n\t\t\t\t\t\t\t\t\t\t\t<a href=\"https:\/\/renacerboliviano.org\/es\/blog\/event\/independanceday\/\" class=\"second_font btn-link\">Read More<\/a>\n\t\t\t\t\t\t\t\t\t\t<\/div>\n\t\t\t\t\t\t\t\t\t<\/div>\n\t\t\t\t\t\t\t\t<\/div>\n\t\t\t\t\t\t\t\n\t\t\t\t\t\t\t\t\t\t\t\t\t\t\t<div class=\"list_items\">\n\t\t\t\t\t\t\t\t\t<a href=\"https:\/\/renacerboliviano.org\/es\/blog\/event\/carnavales-2025\/\" title=\"Carnavales 2025\" class=\"event-media\" style=\"background: url(https:\/\/renacerboliviano.org\/wp-content\/uploads\/2025\/05\/Carnavels11.jpg-1024x683.jpg);\"><\/a>\n\t\t\t\t\t\t\t\t\t<div class=\"event-content\">\n\t\t\t\t\t\t\t\t\t\t<div class=\"event-info\">\n\t\t\t\t\t\t\t\t\t\t\t<h3 class=\"second_font\"><a href=\"https:\/\/renacerboliviano.org\/es\/blog\/event\/carnavales-2025\/\" title=\"Carnavales 2025\">Carnavales 2025<\/a><\/h3>\n\t\t\t\t\t\t\t\t\t\t\t<span> - <\/span>\n\t\t\t\t\t\t\t\t\t\t\t<a href=\"https:\/\/renacerboliviano.org\/es\/blog\/event\/carnavales-2025\/\" class=\"second_font btn-link\">Read More<\/a>\n\t\t\t\t\t\t\t\t\t\t<\/div>\n\t\t\t\t\t\t\t\t\t<\/div>\n\t\t\t\t\t\t\t\t<\/div>\n\t\t\t\t\t\t\t\n\t\t\t\t\t\t\t\n\t\t\t\t\t\t<\/div>\n\t\t\t\t\t<\/div>\n\t\t\t\t\t\t\t\t\t\t<div class=\"view-all\">\n\t\t\t\t\t\t<a href=\"https:\/\/renacerboliviano.org\/es\/blog\/event\/\" class=\"second_font btn-link-views\">View All<\/a>\n\t\t\t\t\t<\/div>\n\t\t\t\t\t\t\t\t\t<\/div>\n\t\t\t<\/div>\n\t\t\t\t\t<\/div>\n\t\t\t\t<\/div>\n\t\t\t\t\t<\/div>\n\t\t\t\t<\/div>\n\t\t\t\t<\/div>\n\t\t<div id=\"e-n-tab-content-21415738052\" role=\"tabpanel\" aria-labelledby=\"e-n-tab-title-21415738052\" data-tab-index=\"2\" style=\"--n-tabs-title-order: 2;\" class=\"elementor-element elementor-element-3f89706 e-con-full e-flex e-con e-child\" data-id=\"3f89706\" data-element_type=\"container\">\n\t\t\t\t<div class=\"elementor-element elementor-element-530fe8a2 elementor-widget elementor-widget-ova_events_manager_element\" data-id=\"530fe8a2\" data-element_type=\"widget\" data-widget_type=\"ova_events_manager_element.default\">\n\t\t\t\t<div class=\"elementor-widget-container\">\n\t\t\t\t\t<div class=\"event-element\">\n\t\t\t<div class=\"wrapp-element\">\n\n\t\t\t\t\t\t\t\t\t\t<div class=\"event-post-left\">\n\t\t\t\t\t\t\t<div class=\"inner\" style=\"background: url(https:\/\/renacerboliviano.org\/wp-content\/uploads\/2025\/05\/IMG_4054-1024x768.jpeg);\">\n\t\t\t\t\t\t\t\t<a href=\"https:\/\/renacerboliviano.org\/es\/blog\/event\/festival-de-culturas\/\" title=\"Festival de Cultures &#8211; Skokie\" class=\"event-media\"><\/a>\n\t\t\t\t\t\t\t\t<div class=\"event-content\">\n\t\t\t\t\t\t\t\t\t<div class=\"event-info\">\n\t\t\t\t\t\t\t\t\t\t<h3 class=\"second_font\"><a href=\"https:\/\/renacerboliviano.org\/es\/blog\/event\/festival-de-culturas\/\" title=\"Festival de Cultures &#8211; Skokie\">Festival de Cultures &#8211; Skokie<\/a><\/h3>\n\t\t\t\t\t\t\t\t\t\t<span>mayo 18, 2025 - Skokie<\/span>\n\t\t\t\t\t\t\t\t\t<\/div>\n\t\t\t\t\t\t\t\t<\/div>\n\t\t\t\t\t\t\t<\/div>\n\t\t\t\t\t\t<\/div>\t\t\n\t\t\t\t\t\t<div class=\"event-post-right\">\n\t\t\t\t\t\t\t<div class=\"inner\">\n\t\t\t\t\t\t\t\n\t\t\t\t\t\t\t\t\t\t\t\t\t\t\t<div class=\"list_items\">\n\t\t\t\t\t\t\t\t\t<a href=\"https:\/\/renacerboliviano.org\/es\/blog\/event\/thinkus-urkupina\/\" title=\"Thinkus Urkupi\u00f1a\" class=\"event-media\" style=\"background: url(https:\/\/renacerboliviano.org\/wp-content\/uploads\/2025\/05\/TinkusUrkupinha2.jpg-1024x734.jpg);\"><\/a>\n\t\t\t\t\t\t\t\t\t<div class=\"event-content\">\n\t\t\t\t\t\t\t\t\t\t<div class=\"event-info\">\n\t\t\t\t\t\t\t\t\t\t\t<h3 class=\"second_font\"><a href=\"https:\/\/renacerboliviano.org\/es\/blog\/event\/thinkus-urkupina\/\" title=\"Thinkus Urkupi\u00f1a\">Thinkus Urkupi\u00f1a<\/a><\/h3>\n\t\t\t\t\t\t\t\t\t\t\t<span> - <\/span>\n\t\t\t\t\t\t\t\t\t\t\t<a href=\"https:\/\/renacerboliviano.org\/es\/blog\/event\/thinkus-urkupina\/\" class=\"second_font btn-link\">Read More<\/a>\n\t\t\t\t\t\t\t\t\t\t<\/div>\n\t\t\t\t\t\t\t\t\t<\/div>\n\t\t\t\t\t\t\t\t<\/div>\n\t\t\t\t\t\t\t\n\t\t\t\t\t\t\t\n\t\t\t\t\t\t<\/div>\n\t\t\t\t\t<\/div>\n\t\t\t\t\t\t\t\t\t\t<div class=\"view-all\">\n\t\t\t\t\t\t<a href=\"https:\/\/renacerboliviano.org\/es\/blog\/event\/\" class=\"second_font btn-link-views\">View All<\/a>\n\t\t\t\t\t<\/div>\n\t\t\t\t\t\t\t\t\t<\/div>\n\t\t\t<\/div>\n\t\t\t\t\t<\/div>\n\t\t\t\t<\/div>\n\t\t\t\t<\/div>\n\t\t<div id=\"e-n-tab-content-21415738053\" role=\"tabpanel\" aria-labelledby=\"e-n-tab-title-21415738053\" data-tab-index=\"3\" style=\"--n-tabs-title-order: 3;\" class=\"elementor-element elementor-element-61aec274 e-con-full e-flex e-con e-child\" data-id=\"61aec274\" data-element_type=\"container\">\n\t\t<div class=\"elementor-element elementor-element-56b521d1 e-flex e-con-boxed e-con e-child\" data-id=\"56b521d1\" data-element_type=\"container\">\n\t\t\t\t\t<div class=\"e-con-inner\">\n\t\t\t\t<div class=\"elementor-element elementor-element-916a471 elementor-widget elementor-widget-ova_events_manager_element\" data-id=\"916a471\" data-element_type=\"widget\" data-widget_type=\"ova_events_manager_element.default\">\n\t\t\t\t<div class=\"elementor-widget-container\">\n\t\t\t\t\t<div class=\"event-element\">\n\t\t\t<div class=\"wrapp-element\">\n\n\t\t\t\t\t\t\t\t\t\t<div class=\"event-post-left\">\n\t\t\t\t\t\t\t<div class=\"inner\" style=\"background: url(https:\/\/renacerboliviano.org\/wp-content\/uploads\/2025\/01\/Fabricio-donaciones-2024-San-Francisco-1024x768.jpg);\">\n\t\t\t\t\t\t\t\t<a href=\"https:\/\/renacerboliviano.org\/es\/blog\/event\/basilica-de-san-francisco\/\" title=\"Basilica de San Francisco\" class=\"event-media\"><\/a>\n\t\t\t\t\t\t\t\t<div class=\"event-content\">\n\t\t\t\t\t\t\t\t\t<div class=\"event-info\">\n\t\t\t\t\t\t\t\t\t\t<h3 class=\"second_font\"><a href=\"https:\/\/renacerboliviano.org\/es\/blog\/event\/basilica-de-san-francisco\/\" title=\"Basilica de San Francisco\">Basilica de San Francisco<\/a><\/h3>\n\t\t\t\t\t\t\t\t\t\t<span>noviembre 8, 2024 - La Paz - Bolivia<\/span>\n\t\t\t\t\t\t\t\t\t<\/div>\n\t\t\t\t\t\t\t\t<\/div>\n\t\t\t\t\t\t\t<\/div>\n\t\t\t\t\t\t<\/div>\t\t\n\t\t\t\t\t\t<div class=\"event-post-right\">\n\t\t\t\t\t\t\t<div class=\"inner\">\n\t\t\t\t\t\t\t\n\t\t\t\t\t\t\t\n\t\t\t\t\t\t<\/div>\n\t\t\t\t\t<\/div>\n\t\t\t\t\t\t\t\t\t\t<div class=\"view-all\">\n\t\t\t\t\t\t<a href=\"https:\/\/renacerboliviano.org\/es\/blog\/event\/\" class=\"second_font btn-link-views\">View All<\/a>\n\t\t\t\t\t<\/div>\n\t\t\t\t\t\t\t\t\t<\/div>\n\t\t\t<\/div>\n\t\t\t\t\t<\/div>\n\t\t\t\t<\/div>\n\t\t\t\t\t<\/div>\n\t\t\t\t<\/div>\n\t\t\t\t<\/div>\n\t\t\t\t\t<\/div>\n\t\t<\/div>\n\t\t\t\t<\/div>\n\t\t\t\t<\/div>\n\t\t\t\t\t<\/div>\n\t\t\t\t<\/div>\n\t\t<div class=\"elementor-element elementor-element-d6f2d89 elementor-hidden-desktop elementor-hidden-tablet e-flex e-con-boxed e-con e-parent\" data-id=\"d6f2d89\" data-element_type=\"container\">\n\t\t\t\t\t<div class=\"e-con-inner\">\n\t\t\t\t<div class=\"elementor-element elementor-element-2f4d3637 elementor-widget elementor-widget-ova_heading\" data-id=\"2f4d3637\" data-element_type=\"widget\" data-widget_type=\"ova_heading.default\">\n\t\t\t\t<div class=\"elementor-widget-container\">\n\t\t\t\t\t<div class=\"ova-heading version_1\">\n\t\t\t\t\t\t\t\t\t\t<h3 class=\"heading-title second_font\">Conoce a Nuestros Voluntarios<\/h3>\n\t\t\t\t\t\t\t\t\t\t<div class=\"content\">\n\t\t\t\t\t<p>\"Personas comprometidas que inspiran, ayudan y transforman comunidades con pasi\u00f3n y solidaridad.\"<\/p>\t\t\t\t<\/div>\n\t\t\t\t\t<\/div>\n\t\t\t\t<\/div>\n\t\t\t\t<\/div>\n\t\t<div class=\"elementor-element elementor-element-2732d2fa e-grid e-con-full e-con e-child\" data-id=\"2732d2fa\" data-element_type=\"container\">\n\t\t\t\t<div class=\"elementor-element elementor-element-44007f19 elementor-widget elementor-widget-elementskit-team\" data-id=\"44007f19\" data-element_type=\"widget\" data-settings=\"{&quot;_animation_tablet&quot;:&quot;none&quot;}\" data-widget_type=\"elementskit-team.default\">\n\t\t\t\t<div class=\"elementor-widget-container\">\n\t\t\t<div class=\"ekit-wid-con\">\n\t\t\t\t\t\t\t\t\t\t\t\t\t\t\t\t\t\t\t\t\t\t\t\t<div class=\"profile-image-card elementor-animation- ekit-team-img ekit-team-style-overlay text-center\">\n\n\t\t\t\t\t\t\t\t\t\t\t\t\t<img fetchpriority=\"high\" decoding=\"async\" width=\"1024\" height=\"1024\" src=\"https:\/\/renacerboliviano.org\/wp-content\/uploads\/2025\/02\/NataliaSalinasVolunteer-1-1024x1024.jpg\" class=\"attachment-large size-large wp-image-4580\" alt=\"\" srcset=\"https:\/\/renacerboliviano.org\/wp-content\/uploads\/2025\/02\/NataliaSalinasVolunteer-1-1024x1024.jpg 1024w, https:\/\/renacerboliviano.org\/wp-content\/uploads\/2025\/02\/NataliaSalinasVolunteer-1-300x300.jpg 300w, https:\/\/renacerboliviano.org\/wp-content\/uploads\/2025\/02\/NataliaSalinasVolunteer-1-150x150.jpg 150w, https:\/\/renacerboliviano.org\/wp-content\/uploads\/2025\/02\/NataliaSalinasVolunteer-1-768x768.jpg 768w, https:\/\/renacerboliviano.org\/wp-content\/uploads\/2025\/02\/NataliaSalinasVolunteer-1-600x600.jpg 600w, https:\/\/renacerboliviano.org\/wp-content\/uploads\/2025\/02\/NataliaSalinasVolunteer-1-100x100.jpg 100w, https:\/\/renacerboliviano.org\/wp-content\/uploads\/2025\/02\/NataliaSalinasVolunteer-1.jpg 1100w\" sizes=\"(max-width: 1024px) 100vw, 1024px\" \/>\t\t\t\t\t\t\t\t\t\t\t\t<div class=\"hover-area\">\n\t\t\t\t\t\t\t<div class=\"profile-body\">\n\t\t\t\t\t\t\t\t<h2 class=\"profile-title\">\n\t\t\t\t\t\t\t\t\t\t\t\t\t\t\t\t\t<a aria-label=\"profile\" href=\"javascript:void(0)\" data-mfp-src=\"#ekit_team_modal_44007f19_1684\" class=\"ekit-team-popup\">\n\t\t\t\t\t\t\t\t\tNatalia Salinas\t\t\t\t\t\t\t\t\t<\/a>\n\t\t\t\t\t\t\t\t\t\t\t\t\t\t\t\t\t<\/h2>\n\t\t\t\t\t\t\t\t<p class=\"profile-designation\">Voluntarios<\/p>\n\t\t\t\t\t\t\t\t\t\t\t\t\t\t\t<\/div>\n\t\t\t\t\t\t\t\t\t\t\t\t\t<\/div>\n\t\t\t\t\t<\/div>\n\t\t\t\t\t\n\t\t\t\t\n\t\t\t\t\t<div class=\"zoom-anim-dialog mfp-hide elementskit-team-popup team-popup-id-44007f19\" id=\"ekit_team_modal_44007f19_1684\" tabindex=\"-1\" role=\"dialog\" aria-hidden=\"true\">\n\t\t\t\t<div class=\"modal-dialog modal-dialog-centered\" role=\"document\">\n\t\t\t\t\t<div class=\"modal-content\">\n\t\t\t\t\t\t<button type=\"button\" class=\"ekit-team-modal-close\">\n\t\t\t\t\t\t\t<svg aria-hidden=\"true\" class=\"e-font-icon-svg e-fas-times\" viewbox=\"0 0 352 512\" xmlns=\"http:\/\/www.w3.org\/2000\/svg\"><path d=\"M242.72 256l100.07-100.07c12.28-12.28 12.28-32.19 0-44.48l-22.24-22.24c-12.28-12.28-32.19-12.28-44.48 0L176 189.28 75.93 89.21c-12.28-12.28-32.19-12.28-44.48 0L9.21 111.45c-12.28 12.28-12.28 32.19 0 44.48L109.28 256 9.21 356.07c-12.28 12.28-12.28 32.19 0 44.48l22.24 22.24c12.28 12.28 32.2 12.28 44.48 0L176 322.72l100.07 100.07c12.28 12.28 32.2 12.28 44.48 0l22.24-22.24c12.28-12.28 12.28-32.19 0-44.48L242.72 256z\"><\/path><\/svg>\t\t\t\t\t\t<\/button>\n\n\t\t\t\t\t\t<div class=\"modal-body\">\n\t\t\t\t\t\t\t\t\t\t\t\t\t\t\t<div class=\"ekit-team-modal-img\">\n\t\t\t\t\t\t\t\t\t<img fetchpriority=\"high\" decoding=\"async\" width=\"1024\" height=\"1024\" src=\"https:\/\/renacerboliviano.org\/wp-content\/uploads\/2025\/02\/NataliaSalinasVolunteer-1-1024x1024.jpg\" class=\"attachment-large size-large wp-image-4580\" alt=\"\" srcset=\"https:\/\/renacerboliviano.org\/wp-content\/uploads\/2025\/02\/NataliaSalinasVolunteer-1-1024x1024.jpg 1024w, https:\/\/renacerboliviano.org\/wp-content\/uploads\/2025\/02\/NataliaSalinasVolunteer-1-300x300.jpg 300w, https:\/\/renacerboliviano.org\/wp-content\/uploads\/2025\/02\/NataliaSalinasVolunteer-1-150x150.jpg 150w, https:\/\/renacerboliviano.org\/wp-content\/uploads\/2025\/02\/NataliaSalinasVolunteer-1-768x768.jpg 768w, https:\/\/renacerboliviano.org\/wp-content\/uploads\/2025\/02\/NataliaSalinasVolunteer-1-600x600.jpg 600w, https:\/\/renacerboliviano.org\/wp-content\/uploads\/2025\/02\/NataliaSalinasVolunteer-1-100x100.jpg 100w, https:\/\/renacerboliviano.org\/wp-content\/uploads\/2025\/02\/NataliaSalinasVolunteer-1.jpg 1100w\" sizes=\"(max-width: 1024px) 100vw, 1024px\" \/>\t\t\t\t\t\t\t\t<\/div>\n\t\t\t\t\t\t\t\n\t\t\t\t\t\t\t<div class=\"ekit-team-modal-info has-img\">\n\t\t\t\t\t\t\t\t<h2 class=\"ekit-team-modal-title\">Natalia Salinas<\/h2>\n\t\t\t\t\t\t\t\t<p class=\"ekit-team-modal-position\">Voluntarios<\/p>\n\t\t\t\t\t\t\t\t\n\t\t\t\t\t\t\t\t<div class=\"ekit-team-modal-content\">\n\t\t\t\t\t\t\t\t\tHi! I'm Natalia and as you can tell from the picture, I am from Oruro, and you don't see me singing and dancing in Oruro's Carnival, you will certainly catch me in Chicago being part of as many activities as possible with Renacer Boliviano (RB). I'm very pleased to say that RB has trusted me to help with choreographies, presentations, contribute with ideas for different events, and they have specially given me the opportunity to not only share our beautiful Bolivian culture, but to be able to reach the goal of helping the people who need the most in our country. To be Bolivian is a big pride for me, and even more so when I know that although I am so far away, with my love and time I can give back a little bit of everything that Bolivia has given me.\t\t\t\t\t\t\t\t<\/div>\n\n\t\t\t\t\t\t\t\t\t\t\t\t\t\t\t\t\n\t\t\t\t\t\t\t\t\t\t\t\t\t\t\t<\/div>\n\t\t\t\t\t\t<\/div>\n\t\t\t\t\t<\/div>\n\t\t\t\t<\/div>\n\t\t\t<\/div>\n\t\t\t\t<\/div>\t\t<\/div>\n\t\t\t\t<\/div>\n\t\t\t\t<div class=\"elementor-element elementor-element-7e2a54cf elementor-widget elementor-widget-elementskit-team\" data-id=\"7e2a54cf\" data-element_type=\"widget\" data-widget_type=\"elementskit-team.default\">\n\t\t\t\t<div class=\"elementor-widget-container\">\n\t\t\t<div class=\"ekit-wid-con\">\n\t\t\t\t\t\t\t\t\t\t\t\t\t\t\t\t\t\t\t\t\t\t\t\t<div class=\"profile-image-card elementor-animation- ekit-team-img ekit-team-style-overlay text-center\">\n\n\t\t\t\t\t\t\t\t\t\t\t\t\t<img decoding=\"async\" width=\"1024\" height=\"1024\" src=\"https:\/\/renacerboliviano.org\/wp-content\/uploads\/2025\/02\/SilviaOneillOp-1024x1024.jpg\" class=\"attachment-large size-large wp-image-4578\" alt=\"\" srcset=\"https:\/\/renacerboliviano.org\/wp-content\/uploads\/2025\/02\/SilviaOneillOp-1024x1024.jpg 1024w, https:\/\/renacerboliviano.org\/wp-content\/uploads\/2025\/02\/SilviaOneillOp-300x300.jpg 300w, https:\/\/renacerboliviano.org\/wp-content\/uploads\/2025\/02\/SilviaOneillOp-150x150.jpg 150w, https:\/\/renacerboliviano.org\/wp-content\/uploads\/2025\/02\/SilviaOneillOp-768x768.jpg 768w, https:\/\/renacerboliviano.org\/wp-content\/uploads\/2025\/02\/SilviaOneillOp-600x600.jpg 600w, https:\/\/renacerboliviano.org\/wp-content\/uploads\/2025\/02\/SilviaOneillOp-100x100.jpg 100w, https:\/\/renacerboliviano.org\/wp-content\/uploads\/2025\/02\/SilviaOneillOp.jpg 1100w\" sizes=\"(max-width: 1024px) 100vw, 1024px\" \/>\t\t\t\t\t\t\t\t\t\t\t\t<div class=\"hover-area\">\n\t\t\t\t\t\t\t<div class=\"profile-body\">\n\t\t\t\t\t\t\t\t<h2 class=\"profile-title\">\n\t\t\t\t\t\t\t\t\t\t\t\t\t\t\t\t\t<a aria-label=\"profile\" href=\"javascript:void(0)\" data-mfp-src=\"#ekit_team_modal_7e2a54cf_1684\" class=\"ekit-team-popup\">\n\t\t\t\t\t\t\t\t\tSilvia Oneill \t\t\t\t\t\t\t\t\t<\/a>\n\t\t\t\t\t\t\t\t\t\t\t\t\t\t\t\t\t<\/h2>\n\t\t\t\t\t\t\t\t<p class=\"profile-designation\">Voluntarios<\/p>\n\t\t\t\t\t\t\t\t\t\t\t\t\t\t\t<\/div>\n\t\t\t\t\t\t\t\t\t\t\t\t\t<\/div>\n\t\t\t\t\t<\/div>\n\t\t\t\t\t\n\t\t\t\t\n\t\t\t\t\t<div class=\"zoom-anim-dialog mfp-hide elementskit-team-popup team-popup-id-7e2a54cf\" id=\"ekit_team_modal_7e2a54cf_1684\" tabindex=\"-1\" role=\"dialog\" aria-hidden=\"true\">\n\t\t\t\t<div class=\"modal-dialog modal-dialog-centered\" role=\"document\">\n\t\t\t\t\t<div class=\"modal-content\">\n\t\t\t\t\t\t<button type=\"button\" class=\"ekit-team-modal-close\">\n\t\t\t\t\t\t\t<svg aria-hidden=\"true\" class=\"e-font-icon-svg e-fas-times\" viewbox=\"0 0 352 512\" xmlns=\"http:\/\/www.w3.org\/2000\/svg\"><path d=\"M242.72 256l100.07-100.07c12.28-12.28 12.28-32.19 0-44.48l-22.24-22.24c-12.28-12.28-32.19-12.28-44.48 0L176 189.28 75.93 89.21c-12.28-12.28-32.19-12.28-44.48 0L9.21 111.45c-12.28 12.28-12.28 32.19 0 44.48L109.28 256 9.21 356.07c-12.28 12.28-12.28 32.19 0 44.48l22.24 22.24c12.28 12.28 32.2 12.28 44.48 0L176 322.72l100.07 100.07c12.28 12.28 32.2 12.28 44.48 0l22.24-22.24c12.28-12.28 12.28-32.19 0-44.48L242.72 256z\"><\/path><\/svg>\t\t\t\t\t\t<\/button>\n\n\t\t\t\t\t\t<div class=\"modal-body\">\n\t\t\t\t\t\t\t\t\t\t\t\t\t\t\t<div class=\"ekit-team-modal-img\">\n\t\t\t\t\t\t\t\t\t<img decoding=\"async\" width=\"1024\" height=\"1024\" src=\"https:\/\/renacerboliviano.org\/wp-content\/uploads\/2025\/02\/SilviaOneillOp-1024x1024.jpg\" class=\"attachment-large size-large wp-image-4578\" alt=\"\" srcset=\"https:\/\/renacerboliviano.org\/wp-content\/uploads\/2025\/02\/SilviaOneillOp-1024x1024.jpg 1024w, https:\/\/renacerboliviano.org\/wp-content\/uploads\/2025\/02\/SilviaOneillOp-300x300.jpg 300w, https:\/\/renacerboliviano.org\/wp-content\/uploads\/2025\/02\/SilviaOneillOp-150x150.jpg 150w, https:\/\/renacerboliviano.org\/wp-content\/uploads\/2025\/02\/SilviaOneillOp-768x768.jpg 768w, https:\/\/renacerboliviano.org\/wp-content\/uploads\/2025\/02\/SilviaOneillOp-600x600.jpg 600w, https:\/\/renacerboliviano.org\/wp-content\/uploads\/2025\/02\/SilviaOneillOp-100x100.jpg 100w, https:\/\/renacerboliviano.org\/wp-content\/uploads\/2025\/02\/SilviaOneillOp.jpg 1100w\" sizes=\"(max-width: 1024px) 100vw, 1024px\" \/>\t\t\t\t\t\t\t\t<\/div>\n\t\t\t\t\t\t\t\n\t\t\t\t\t\t\t<div class=\"ekit-team-modal-info has-img\">\n\t\t\t\t\t\t\t\t<h2 class=\"ekit-team-modal-title\">Silvia Oneill <\/h2>\n\t\t\t\t\t\t\t\t<p class=\"ekit-team-modal-position\">Voluntarios<\/p>\n\t\t\t\t\t\t\t\t\n\t\t\t\t\t\t\t\t<div class=\"ekit-team-modal-content\">\n\t\t\t\t\t\t\t\t\tUn d\u00eda partimos de Bolivia, buscando nuevas oportunidades o quiz\u00e1s nuevas experiencias; en cualquier caso, nos alejamos de nuestro amado pa\u00eds, pero sin olvidarlo y llev\u00e1ndolo en el coraz\u00f3n.\n\nEncontrar con compatriotas bolivianos llena nuevamente nuestra alma y m\u00e1s a\u00fan cuando se comparte la cultura y la tradici\u00f3n, mostrando as\u00ed a todos lo hermosa que es nuestra Bolivia.\n\nRenacer Boliviano fue el lugar donde encontr\u00e9 no solo la calidez de mi gente boliviana, sino tambi\u00e9n un lugar donde, con sus actividades ben\u00e9ficas, podemos ayudar a las personas necesitadas en Bolivia.\t\t\t\t\t\t\t\t<\/div>\n\n\t\t\t\t\t\t\t\t\t\t\t\t\t\t\t\t\n\t\t\t\t\t\t\t\t\t\t\t\t\t\t\t<\/div>\n\t\t\t\t\t\t<\/div>\n\t\t\t\t\t<\/div>\n\t\t\t\t<\/div>\n\t\t\t<\/div>\n\t\t\t\t<\/div>\t\t<\/div>\n\t\t\t\t<\/div>\n\t\t\t\t<div class=\"elementor-element elementor-element-69ea7e77 elementor-widget elementor-widget-elementskit-team\" data-id=\"69ea7e77\" data-element_type=\"widget\" data-widget_type=\"elementskit-team.default\">\n\t\t\t\t<div class=\"elementor-widget-container\">\n\t\t\t<div class=\"ekit-wid-con\">\n\t\t\t\t\t\t\t\t\t\t\t\t\t\t\t\t\t\t\t\t\t\t\t\t<div class=\"profile-image-card elementor-animation- ekit-team-img ekit-team-style-overlay text-center\">\n\n\t\t\t\t\t\t\t\t\t\t\t\t\t<img decoding=\"async\" width=\"1024\" height=\"1024\" src=\"https:\/\/renacerboliviano.org\/wp-content\/uploads\/2025\/02\/Clovis-MenesesOp-1024x1024.jpg\" class=\"attachment-large size-large wp-image-4577\" alt=\"\" srcset=\"https:\/\/renacerboliviano.org\/wp-content\/uploads\/2025\/02\/Clovis-MenesesOp-1024x1024.jpg 1024w, https:\/\/renacerboliviano.org\/wp-content\/uploads\/2025\/02\/Clovis-MenesesOp-300x300.jpg 300w, https:\/\/renacerboliviano.org\/wp-content\/uploads\/2025\/02\/Clovis-MenesesOp-150x150.jpg 150w, https:\/\/renacerboliviano.org\/wp-content\/uploads\/2025\/02\/Clovis-MenesesOp-768x768.jpg 768w, https:\/\/renacerboliviano.org\/wp-content\/uploads\/2025\/02\/Clovis-MenesesOp-600x600.jpg 600w, https:\/\/renacerboliviano.org\/wp-content\/uploads\/2025\/02\/Clovis-MenesesOp-100x100.jpg 100w, https:\/\/renacerboliviano.org\/wp-content\/uploads\/2025\/02\/Clovis-MenesesOp.jpg 1100w\" sizes=\"(max-width: 1024px) 100vw, 1024px\" \/>\t\t\t\t\t\t\t\t\t\t\t\t<div class=\"hover-area\">\n\t\t\t\t\t\t\t<div class=\"profile-body\">\n\t\t\t\t\t\t\t\t<h2 class=\"profile-title\">\n\t\t\t\t\t\t\t\t\t\t\t\t\t\t\t\t\t<a aria-label=\"profile\" href=\"javascript:void(0)\" data-mfp-src=\"#ekit_team_modal_69ea7e77_1684\" class=\"ekit-team-popup\">\n\t\t\t\t\t\t\t\t\tClovis Meneses\t\t\t\t\t\t\t\t\t<\/a>\n\t\t\t\t\t\t\t\t\t\t\t\t\t\t\t\t\t<\/h2>\n\t\t\t\t\t\t\t\t<p class=\"profile-designation\">Voluntarios<\/p>\n\t\t\t\t\t\t\t\t\t\t\t\t\t\t\t<\/div>\n\t\t\t\t\t\t\t\t\t\t\t\t\t<\/div>\n\t\t\t\t\t<\/div>\n\t\t\t\t\t\n\t\t\t\t\n\t\t\t\t\t<div class=\"zoom-anim-dialog mfp-hide elementskit-team-popup team-popup-id-69ea7e77\" id=\"ekit_team_modal_69ea7e77_1684\" tabindex=\"-1\" role=\"dialog\" aria-hidden=\"true\">\n\t\t\t\t<div class=\"modal-dialog modal-dialog-centered\" role=\"document\">\n\t\t\t\t\t<div class=\"modal-content\">\n\t\t\t\t\t\t<button type=\"button\" class=\"ekit-team-modal-close\">\n\t\t\t\t\t\t\t<svg aria-hidden=\"true\" class=\"e-font-icon-svg e-fas-times\" viewbox=\"0 0 352 512\" xmlns=\"http:\/\/www.w3.org\/2000\/svg\"><path d=\"M242.72 256l100.07-100.07c12.28-12.28 12.28-32.19 0-44.48l-22.24-22.24c-12.28-12.28-32.19-12.28-44.48 0L176 189.28 75.93 89.21c-12.28-12.28-32.19-12.28-44.48 0L9.21 111.45c-12.28 12.28-12.28 32.19 0 44.48L109.28 256 9.21 356.07c-12.28 12.28-12.28 32.19 0 44.48l22.24 22.24c12.28 12.28 32.2 12.28 44.48 0L176 322.72l100.07 100.07c12.28 12.28 32.2 12.28 44.48 0l22.24-22.24c12.28-12.28 12.28-32.19 0-44.48L242.72 256z\"><\/path><\/svg>\t\t\t\t\t\t<\/button>\n\n\t\t\t\t\t\t<div class=\"modal-body\">\n\t\t\t\t\t\t\t\t\t\t\t\t\t\t\t<div class=\"ekit-team-modal-img\">\n\t\t\t\t\t\t\t\t\t<img decoding=\"async\" width=\"1024\" height=\"1024\" src=\"https:\/\/renacerboliviano.org\/wp-content\/uploads\/2025\/02\/Clovis-MenesesOp-1024x1024.jpg\" class=\"attachment-large size-large wp-image-4577\" alt=\"\" srcset=\"https:\/\/renacerboliviano.org\/wp-content\/uploads\/2025\/02\/Clovis-MenesesOp-1024x1024.jpg 1024w, https:\/\/renacerboliviano.org\/wp-content\/uploads\/2025\/02\/Clovis-MenesesOp-300x300.jpg 300w, https:\/\/renacerboliviano.org\/wp-content\/uploads\/2025\/02\/Clovis-MenesesOp-150x150.jpg 150w, https:\/\/renacerboliviano.org\/wp-content\/uploads\/2025\/02\/Clovis-MenesesOp-768x768.jpg 768w, https:\/\/renacerboliviano.org\/wp-content\/uploads\/2025\/02\/Clovis-MenesesOp-600x600.jpg 600w, https:\/\/renacerboliviano.org\/wp-content\/uploads\/2025\/02\/Clovis-MenesesOp-100x100.jpg 100w, https:\/\/renacerboliviano.org\/wp-content\/uploads\/2025\/02\/Clovis-MenesesOp.jpg 1100w\" sizes=\"(max-width: 1024px) 100vw, 1024px\" \/>\t\t\t\t\t\t\t\t<\/div>\n\t\t\t\t\t\t\t\n\t\t\t\t\t\t\t<div class=\"ekit-team-modal-info has-img\">\n\t\t\t\t\t\t\t\t<h2 class=\"ekit-team-modal-title\">Clovis Meneses<\/h2>\n\t\t\t\t\t\t\t\t<p class=\"ekit-team-modal-position\">Voluntarios<\/p>\n\t\t\t\t\t\t\t\t\n\t\t\t\t\t\t\t\t<div class=\"ekit-team-modal-content\">\n\t\t\t\t\t\t\t\t\tI was born in Oruro, but I grew up in that beautiful land that is characterized by its climate and delicious gastronomy. That's right, I come from \"La Llajta\".\nAlmost 25 years ago, fate brought me to the land of Lincoln where I put down roots and raised a family with my wife Jennifer. Time blessed us with 2 beautiful children.\nIt is said that \"no one is a prophet in his own land\", and I am an example of this. One of my great passions is dance, but this \"cochalo\" at heart did not dance any traditional dance in his homeland, and today it has been more than 20 years that I have been promoting our beautiful Bolivian folk dances in this North American land. With the group \u0301Sentimiento Boliviano \u0301 I learned to dance Tinku, Tobas, Morenada, Taquirari and my favorite Bolivian dance, the Caporal. When \u0301Sentimiento Boliviano \u0301ceased its existence, \u0301Renacer Boliviano \u0301 gave me the opportunity to continue with this passion. The most important thing is that I do it together with my two children. With them we participated year after year in the parades of July 4 and the great event of Thanksgiving Day in Chicago. What I love about \u0301Renacer Boliviano \u0301 is that it not only promotes Bolivian dances but also holds fraternization events for Bolivians and raises money to help institutions in Bolivia with various donations. I invite those who like to dance to join us to enjoy this beautiful passion and at the same time contribute to noble causes in Bolivia.\t\t\t\t\t\t\t\t<\/div>\n\n\t\t\t\t\t\t\t\t\t\t\t\t\t\t\t\t\t<ul class=\"ekit-team-modal-list\">\n\t\t\t\t\t\t\t\t\t\t\t\t\t\t\t\t\t\t\t\t\t<li><strong>Phone:<\/strong><a href=\"tel:+1 (859) 254-6589\">+1 (859) 254-6589<\/a><\/li>\n\t\t\t\t\t\t\t\t\t\t\n\t\t\t\t\t\t\t\t\t\t\t\t\t\t\t\t\t\t\t\t\t<li><strong>Email:<\/strong><a href=\"mailto:info@example.com\">info@example.com<\/a><\/li>\n\t\t\t\t\t\t\t\t\t\t\t\t\t\t\t\t\t\t\t<\/ul>\n\t\t\t\t\t\t\t\t\t\t\t\t\t\t\t\t\n\t\t\t\t\t\t\t\t\t\t\t\t\t\t\t<\/div>\n\t\t\t\t\t\t<\/div>\n\t\t\t\t\t<\/div>\n\t\t\t\t<\/div>\n\t\t\t<\/div>\n\t\t\t\t<\/div>\t\t<\/div>\n\t\t\t\t<\/div>\n\t\t\t\t<\/div>\n\t\t\t\t\t<\/div>\n\t\t\t\t<\/div>\n\t\t\t\t<section class=\"elementor-section elementor-top-section elementor-element elementor-element-2d039c7e elementor-hidden-mobile elementor-section-boxed elementor-section-height-default elementor-section-height-default\" data-id=\"2d039c7e\" data-element_type=\"section\" data-settings=\"{&quot;background_background&quot;:&quot;classic&quot;}\">\n\t\t\t\t\t\t<div class=\"elementor-container elementor-column-gap-no\">\n\t\t\t\t\t<div class=\"elementor-column elementor-col-100 elementor-top-column elementor-element elementor-element-bcfbcca\" data-id=\"bcfbcca\" data-element_type=\"column\">\n\t\t\t<div class=\"elementor-widget-wrap elementor-element-populated\">\n\t\t\t\t\t\t<div class=\"elementor-element elementor-element-145d9080 elementor-widget elementor-widget-ova_heading\" data-id=\"145d9080\" data-element_type=\"widget\" data-widget_type=\"ova_heading.default\">\n\t\t\t\t<div class=\"elementor-widget-container\">\n\t\t\t\t\t<div class=\"ova-heading version_1\">\n\t\t\t\t\t\t\t\t\t\t<h3 class=\"heading-title second_font\">Conoce a Nuestros Voluntarios<\/h3>\n\t\t\t\t\t\t\t\t\t\t<div class=\"content\">\n\t\t\t\t\t<p>\"Personas comprometidas que inspiran, ayudan y transforman comunidades con pasi\u00f3n y solidaridad.\"<\/p>\t\t\t\t<\/div>\n\t\t\t\t\t<\/div>\n\t\t\t\t<\/div>\n\t\t\t\t<\/div>\n\t\t\t\t<section class=\"elementor-section elementor-inner-section elementor-element elementor-element-35717514 elementor-section-boxed elementor-section-height-default elementor-section-height-default\" data-id=\"35717514\" data-element_type=\"section\">\n\t\t\t\t\t\t<div class=\"elementor-container elementor-column-gap-default\">\n\t\t\t\t\t<div class=\"elementor-column elementor-col-33 elementor-inner-column elementor-element elementor-element-6628692e\" data-id=\"6628692e\" data-element_type=\"column\">\n\t\t\t<div class=\"elementor-widget-wrap elementor-element-populated\">\n\t\t\t\t\t\t<div class=\"elementor-element elementor-element-4d665b4c elementor-widget elementor-widget-ova_volunteer\" data-id=\"4d665b4c\" data-element_type=\"widget\" data-widget_type=\"ova_volunteer.default\">\n\t\t\t\t<div class=\"elementor-widget-container\">\n\t\t\t\t\t<div class=\"ova-volunteer\">\n\t\t\t<div class=\"ova-media pop-media\">\n\t\t\t\t<img decoding=\"async\" src=\"https:\/\/renacerboliviano.org\/wp-content\/uploads\/2025\/02\/NataliaSalinasVolunteer-1.jpg\" alt=\"Natalia Salinas\">\n\t\t\t\t\t\t\t<\/div>\n\t\t\t<div class=\"ova-content\">\n\t\t\t\t\t\t\t\t\t<h3 class=\"name second_font\"><a href=\"#\">Natalia Salinas<\/a><\/h3>\n\t\t\t\t\t\t\t\t\t\t\t\t\t<p class=\"job\">Voluntarios<\/p>\n\t\t\t\t\t\t\t<\/div>\n\t\t\t\n\t\t\t\t\t\t\t<div class=\"popup_volunteer\">\n\t\t\t\t\t\t\t\t\t\t\t<a class=\"view_volunteer\"><i class=\"icon_plus\"><\/i><\/a>\n\t\t\t\t\t\t\t\t\t\t<div class=\"content_popup\">\n\t\t\t\t\t\t<div class=\"container bgr-popup\">\n\t\t\t\t\t\t\t<span class=\"btn_close icon_close\"><\/span>\n\t\t\t\t\t\t\t<div class=\"row\">\n\t\t\t\t\t\t\t\t<div class=\"col-lg-6\">\n\t\t\t\t\t\t\t\t\t<div class=\"volunteer-popup-img\">\n\t\t\t\t\t\t\t\t\t\t<img decoding=\"async\" src=\"https:\/\/renacerboliviano.org\/wp-content\/uploads\/2025\/02\/NataliaSalinasVolunteer.jpg\" alt=\"Natalia Salinas\">\n\t\t\t\t\t\t\t\t\t<\/div>\n\t\t\t\t\t\t\t\t<\/div>\n\t\t\t\t\t\t\t\t<div class=\"col-lg-6\">\n\t\t\t\t\t\t\t\t\t<div class=\"volunteer-popup-content\">\n\t\t\t\t\t\t\t\t\t\t<h3 class=\"second_font\">Natalia Salinas<\/h3>\n\t\t\t\t\t\t\t\t\t\t<span class=\"job\">Voluntarios<\/span>\n\t\t\t\t\t\t\t\t\t\t<p>\u00a1Hola! Soy Natalia y, como pueden ver en la foto, soy de Oruro, y si no me vieron cantar y bailar en el Carnaval de Oruro, definitivamente me atrapar\u00e1n en Chicago siendo parte de tantas actividades como sea posible con Renacer Boliviano (RB). Me da mucho gusto decir que RB ha confiado en m\u00ed para ayudar con coreograf\u00edas, presentaciones, contribuir con ideas para diferentes eventos, y especialmente me han dado la oportunidad no solo de compartir nuestra hermosa cultura boliviana, sino de poder alcanzar la meta de ayudar a las personas que m\u00e1s necesitan en nuestro pa\u00eds. Ser boliviana es un gran orgullo para m\u00ed, y m\u00e1s a\u00fan cuando s\u00e9 que, aunque est\u00e9 tan lejos, con mi amor y tiempo puedo devolver un poco de todo lo que Bolivia me ha dado.<\/p>\n\t\t\t\t\t\t\t\t\t\t<div class=\"list-con\">\n\t\t\t\t\t\t\t\t\t\t\t<ul>\n\t\t\t\t\t\t\t\t\t\t\t\t\t\t\t\t\t\t\t\t\t\t\t\t\t<li><a target=\"_blank\" ref=\"nofollow\" href=\"#\"><i class=\"\"><\/i><\/a><\/li>\n\t\t\t\t\t\t\t\t\t\t\t\t\t\t\t\t\t\t\t\t\t\t\t<\/ul>\n\t\t\t\t\t\t\t\t\t\t<\/div>\n\t\t\t\t\t\t\t\t\t<\/div>\n\t\t\t\t\t\t\t\t<\/div>\n\t\t\t\t\t\t\t<\/div>\n\t\t\t\t\t\t<\/div>\n\t\t\t\t\t<\/div>\n\t\t\t\t<\/div>\n\t\t\t\t\t<\/div>\n\t\t\t\t<\/div>\n\t\t\t\t<\/div>\n\t\t\t\t\t<\/div>\n\t\t<\/div>\n\t\t\t\t<div class=\"elementor-column elementor-col-33 elementor-inner-column elementor-element elementor-element-6293c2c8\" data-id=\"6293c2c8\" data-element_type=\"column\">\n\t\t\t<div class=\"elementor-widget-wrap elementor-element-populated\">\n\t\t\t\t\t\t<div class=\"elementor-element elementor-element-18f4242a elementor-widget elementor-widget-ova_volunteer\" data-id=\"18f4242a\" data-element_type=\"widget\" data-widget_type=\"ova_volunteer.default\">\n\t\t\t\t<div class=\"elementor-widget-container\">\n\t\t\t\t\t<div class=\"ova-volunteer\">\n\t\t\t<div class=\"ova-media pop-media\">\n\t\t\t\t<img decoding=\"async\" src=\"https:\/\/renacerboliviano.org\/wp-content\/uploads\/2025\/02\/SilviaOneillOp.jpg\" alt=\"Silvia Oneill \">\n\t\t\t\t\t\t\t<\/div>\n\t\t\t<div class=\"ova-content\">\n\t\t\t\t\t\t\t\t\t<h3 class=\"name second_font\"><a href=\"#\">Silvia Oneill <\/a><\/h3>\n\t\t\t\t\t\t\t\t\t\t\t\t\t<p class=\"job\">Voluntarios<\/p>\n\t\t\t\t\t\t\t<\/div>\n\t\t\t\n\t\t\t\t\t\t\t<div class=\"popup_volunteer\">\n\t\t\t\t\t\t\t\t\t\t\t<a class=\"view_volunteer\"><i class=\"icon_plus\"><\/i><\/a>\n\t\t\t\t\t\t\t\t\t\t<div class=\"content_popup\">\n\t\t\t\t\t\t<div class=\"container bgr-popup\">\n\t\t\t\t\t\t\t<span class=\"btn_close icon_close\"><\/span>\n\t\t\t\t\t\t\t<div class=\"row\">\n\t\t\t\t\t\t\t\t<div class=\"col-lg-6\">\n\t\t\t\t\t\t\t\t\t<div class=\"volunteer-popup-img\">\n\t\t\t\t\t\t\t\t\t\t<img decoding=\"async\" src=\"https:\/\/renacerboliviano.org\/wp-content\/uploads\/2025\/02\/SilviaOneill.jpeg\" alt=\"Silvia Oneill \">\n\t\t\t\t\t\t\t\t\t<\/div>\n\t\t\t\t\t\t\t\t<\/div>\n\t\t\t\t\t\t\t\t<div class=\"col-lg-6\">\n\t\t\t\t\t\t\t\t\t<div class=\"volunteer-popup-content\">\n\t\t\t\t\t\t\t\t\t\t<h3 class=\"second_font\">Silvia Oneill <\/h3>\n\t\t\t\t\t\t\t\t\t\t<span class=\"job\">Voluntarios<\/span>\n\t\t\t\t\t\t\t\t\t\t<p>Un d\u00eda partimos de Bolivia, buscando nuevas oportunidades o quiz\u00e1s nuevas experiencias; en cualquier caso, nos alejamos de nuestro amado pa\u00eds, pero sin olvidarlo y llev\u00e1ndolo en el coraz\u00f3n.\n\nEncontrar con compatriotas bolivianos llena nuevamente nuestra alma y m\u00e1s a\u00fan cuando se comparte la cultura y la tradici\u00f3n, mostrando as\u00ed a todos lo hermosa que es nuestra Bolivia.\n\nRenacer Boliviano fue el lugar donde encontr\u00e9 no solo la calidez de mi gente boliviana, sino tambi\u00e9n un lugar donde, con sus actividades ben\u00e9ficas, podemos ayudar a las personas necesitadas en Bolivia.\n<\/p>\n\t\t\t\t\t\t\t\t\t\t<div class=\"list-con\">\n\t\t\t\t\t\t\t\t\t\t\t<ul>\n\t\t\t\t\t\t\t\t\t\t\t\t\t\t\t\t\t\t\t\t\t\t\t\t\t<li><a target=\"_blank\" ref=\"nofollow\" href=\"#\"><i class=\"\"><\/i><\/a><\/li>\n\t\t\t\t\t\t\t\t\t\t\t\t\t\t\t\t\t\t\t\t\t\t\t<\/ul>\n\t\t\t\t\t\t\t\t\t\t<\/div>\n\t\t\t\t\t\t\t\t\t<\/div>\n\t\t\t\t\t\t\t\t<\/div>\n\t\t\t\t\t\t\t<\/div>\n\t\t\t\t\t\t<\/div>\n\t\t\t\t\t<\/div>\n\t\t\t\t<\/div>\n\t\t\t\t\t<\/div>\n\t\t\t\t<\/div>\n\t\t\t\t<\/div>\n\t\t\t\t\t<\/div>\n\t\t<\/div>\n\t\t\t\t<div class=\"elementor-column elementor-col-33 elementor-inner-column elementor-element elementor-element-1838d2a7\" data-id=\"1838d2a7\" data-element_type=\"column\">\n\t\t\t<div class=\"elementor-widget-wrap elementor-element-populated\">\n\t\t\t\t\t\t<div class=\"elementor-element elementor-element-6a4ee8dc elementor-widget elementor-widget-ova_volunteer\" data-id=\"6a4ee8dc\" data-element_type=\"widget\" data-widget_type=\"ova_volunteer.default\">\n\t\t\t\t<div class=\"elementor-widget-container\">\n\t\t\t\t\t<div class=\"ova-volunteer\">\n\t\t\t<div class=\"ova-media pop-media\">\n\t\t\t\t<img decoding=\"async\" src=\"https:\/\/renacerboliviano.org\/wp-content\/uploads\/2025\/02\/Clovis-MenesesOp.jpg\" alt=\"Clovis Meneses\">\n\t\t\t\t\t\t\t<\/div>\n\t\t\t<div class=\"ova-content\">\n\t\t\t\t\t\t\t\t\t<h3 class=\"name second_font\"><a href=\"#\">Clovis Meneses<\/a><\/h3>\n\t\t\t\t\t\t\t\t\t\t\t\t\t<p class=\"job\">Voluntarios<\/p>\n\t\t\t\t\t\t\t<\/div>\n\t\t\t\n\t\t\t\t\t\t\t<div class=\"popup_volunteer\">\n\t\t\t\t\t\t\t\t\t\t\t<a class=\"view_volunteer\"><i class=\"icon_plus\"><\/i><\/a>\n\t\t\t\t\t\t\t\t\t\t<div class=\"content_popup\">\n\t\t\t\t\t\t<div class=\"container bgr-popup\">\n\t\t\t\t\t\t\t<span class=\"btn_close icon_close\"><\/span>\n\t\t\t\t\t\t\t<div class=\"row\">\n\t\t\t\t\t\t\t\t<div class=\"col-lg-6\">\n\t\t\t\t\t\t\t\t\t<div class=\"volunteer-popup-img\">\n\t\t\t\t\t\t\t\t\t\t<img decoding=\"async\" src=\"http:\/\/18.226.17.94\/wp-content\/uploads\/2025\/02\/Clovis-Meneses.jpeg\" alt=\"Clovis Meneses\">\n\t\t\t\t\t\t\t\t\t<\/div>\n\t\t\t\t\t\t\t\t<\/div>\n\t\t\t\t\t\t\t\t<div class=\"col-lg-6\">\n\t\t\t\t\t\t\t\t\t<div class=\"volunteer-popup-content\">\n\t\t\t\t\t\t\t\t\t\t<h3 class=\"second_font\">Clovis Meneses<\/h3>\n\t\t\t\t\t\t\t\t\t\t<span class=\"job\">Voluntarios<\/span>\n\t\t\t\t\t\t\t\t\t\t<p>Nac\u00ed en Oruro, pero crec\u00ed en esa tierra hermosa que se caracteriza por su clima y su deliciosa gastronom\u00eda. As\u00ed es, soy de \"La Llajta\".\n\nHace casi 25 a\u00f1os, el destino me trajo a la tierra de Lincoln, donde ech\u00e9 ra\u00edces y form\u00e9 una familia con mi esposa Jennifer. El tiempo nos bendijo con 2 hermosos hijos.\n\nSe dice que \"nadie es profeta en su tierra\", y yo soy un ejemplo de ello. Una de mis grandes pasiones es la danza, pero este \"cochalo\" de coraz\u00f3n no bail\u00f3 ninguna danza tradicional en su tierra natal, y hoy llevo m\u00e1s de 20 a\u00f1os promocionando nuestras hermosas danzas folkl\u00f3ricas bolivianas en esta tierra norteamericana. Con el grupo 'Sentimiento Boliviano' aprend\u00ed a bailar Tinku, Tobas, Morenada, Taquirari y mi danza boliviana favorita, el Caporal. Cuando 'Sentimiento Boliviano' dej\u00f3 de existir, 'Renacer Boliviano' me dio la oportunidad de continuar con esta pasi\u00f3n. Lo m\u00e1s importante es que lo hago junto a mis dos hijos. Con ellos participamos a\u00f1o tras a\u00f1o en los desfiles del 4 de julio y el gran evento del D\u00eda de Acci\u00f3n de Gracias en Chicago. Lo que amo de 'Renacer Boliviano' es que no solo promueve las danzas bolivianas, sino que tambi\u00e9n realiza eventos de fraternizaci\u00f3n para bolivianos y recauda dinero para ayudar a instituciones en Bolivia con diversas donaciones. Invito a aquellos a quienes les gusta bailar a unirse a nosotros para disfrutar de esta bella pasi\u00f3n y al mismo tiempo contribuir a causas nobles en Bolivia.<\/p>\n\t\t\t\t\t\t\t\t\t\t<div class=\"list-con\">\n\t\t\t\t\t\t\t\t\t\t\t<ul>\n\t\t\t\t\t\t\t\t\t\t\t\t\t\t\t\t\t\t\t\t\t\t\t\t\t<li><a target=\"_blank\" ref=\"nofollow\" href=\"#\"><i class=\"\"><\/i><\/a><\/li>\n\t\t\t\t\t\t\t\t\t\t\t\t\t\t\t\t\t\t\t\t\t\t\t<\/ul>\n\t\t\t\t\t\t\t\t\t\t<\/div>\n\t\t\t\t\t\t\t\t\t<\/div>\n\t\t\t\t\t\t\t\t<\/div>\n\t\t\t\t\t\t\t<\/div>\n\t\t\t\t\t\t<\/div>\n\t\t\t\t\t<\/div>\n\t\t\t\t<\/div>\n\t\t\t\t\t<\/div>\n\t\t\t\t<\/div>\n\t\t\t\t<\/div>\n\t\t\t\t\t<\/div>\n\t\t<\/div>\n\t\t\t\t\t<\/div>\n\t\t<\/section>\n\t\t\t\t\t<\/div>\n\t\t<\/div>\n\t\t\t\t\t<\/div>\n\t\t<\/section>\n\t\t\t\t<\/div>","protected":false},"excerpt":{"rendered":"<p>Eventos Dance Troupe Donation Carnavales 2025 &#8211; Picnic 2024 January 8, 2025 &#8211; Read More View All Festival de Cultures &#8211; Skokie May 18, 2025 &#8211; Skokie Thinkus Urkupi\u00f1a &#8211; Read More View All Basilica de San Francisco November 8, 2024 &#8211; La Paz &#8211; Bolivia View All Carnavales 2025 &#8211; Picnic 2024 January 8, [&hellip;]<\/p>","protected":false},"author":1,"featured_media":0,"parent":0,"menu_order":0,"comment_status":"closed","ping_status":"closed","template":"elementor_header_footer","meta":{"footnotes":""},"class_list":["post-1684","page","type-page","status-publish","hentry"],"_links":{"self":[{"href":"https:\/\/renacerboliviano.org\/es\/wp-json\/wp\/v2\/pages\/1684","targetHints":{"allow":["GET"]}}],"collection":[{"href":"https:\/\/renacerboliviano.org\/es\/wp-json\/wp\/v2\/pages"}],"about":[{"href":"https:\/\/renacerboliviano.org\/es\/wp-json\/wp\/v2\/types\/page"}],"author":[{"embeddable":true,"href":"https:\/\/renacerboliviano.org\/es\/wp-json\/wp\/v2\/users\/1"}],"replies":[{"embeddable":true,"href":"https:\/\/renacerboliviano.org\/es\/wp-json\/wp\/v2\/comments?post=1684"}],"version-history":[{"count":55,"href":"https:\/\/renacerboliviano.org\/es\/wp-json\/wp\/v2\/pages\/1684\/revisions"}],"predecessor-version":[{"id":5584,"href":"https:\/\/renacerboliviano.org\/es\/wp-json\/wp\/v2\/pages\/1684\/revisions\/5584"}],"wp:attachment":[{"href":"https:\/\/renacerboliviano.org\/es\/wp-json\/wp\/v2\/media?parent=1684"}],"curies":[{"name":"wp","href":"https:\/\/api.w.org\/{rel}","templated":true}]}}